{"id":39944,"date":"2025-05-15T17:25:44","date_gmt":"2025-05-15T15:25:44","guid":{"rendered":"https:\/\/abi-newsite.azurewebsites.net\/?page_id=39944"},"modified":"2026-03-26T17:17:56","modified_gmt":"2026-03-26T16:17:56","slug":"direttore-generale","status":"publish","type":"page","link":"https:\/\/www.abi.it\/en\/direttore-generale\/","title":{"rendered":"General Manager"},"content":{"rendered":"<div data-elementor-type=\"wp-page\" data-elementor-id=\"39944\" class=\"elementor elementor-39944\" data-elementor-post-type=\"page\">\n\t\t\t\t        <section class=\"elementor-section elementor-top-section elementor-element elementor-element-578d28d elementor-section-stretched elementor-section-boxed elementor-section-height-default elementor-section-height-default pxl-row-scroll-none pxl-zoom-point-false pxl-section-overflow-visible pxl-section-fix-none pxl-bg-color-none pxl-section-overlay-none\" data-id=\"578d28d\" data-element_type=\"section\" data-e-type=\"section\" id=\"skip-to-main-content\" data-settings=\"{&quot;stretch_section&quot;:&quot;section-stretched&quot;}\">\n\n                \n                <div class=\"elementor-container elementor-column-gap-extended\">\n                <aside class=\"elementor-column elementor-col-50 elementor-top-column elementor-element elementor-element-14b702b pxl-column-sticky elementor-hidden-tablet elementor-hidden-mobile pxl-column-overflow-hidden-no\" data-id=\"14b702b\" data-element_type=\"column\" data-e-type=\"column\">\n        <div class=\"elementor-widget-wrap elementor-element-populated\">\n                     \n        <nav class=\"elementor-element elementor-element-7a3d27a elementor-hidden-tablet elementor-hidden-mobile e-flex e-con-boxed e-con e-parent\" data-id=\"7a3d27a\" data-element_type=\"container\" data-e-type=\"container\" data-settings=\"{&quot;sticky&quot;:&quot;top&quot;,&quot;sticky_on&quot;:[&quot;widescreen&quot;,&quot;desktop&quot;,&quot;laptop&quot;,&quot;tablet_extra&quot;],&quot;sticky_parent&quot;:&quot;yes&quot;,&quot;sticky_offset&quot;:0,&quot;sticky_effects_offset&quot;:0,&quot;sticky_anchor_link_offset&quot;:0}\">\n\t\t\t\t\t<div class=\"e-con-inner\">\n\t\t\t\t<div class=\"elementor-element elementor-element-c9251e1 elementor-hidden-tablet elementor-hidden-mobile elementor-hidden-mobile_extra elementor-widget elementor-widget-pxl_menu\" data-id=\"c9251e1\" data-element_type=\"widget\" data-e-type=\"widget\" data-widget_type=\"pxl_menu.default\">\n\t\t\t\t<div class=\"elementor-widget-container\">\n\t\t\t\t\t \n\n    <div class=\"pxl-nav-menu pxl-nav-menu1 style-default hover-underline sub-style-default show-effect-slideup sub-hover-left-line pxl-mega-full-width pxl-layout-vertical\" data-wow-delay=\"ms\">\n        <div class=\"menu-organi-container\"><ul id=\"menu-organi\" class=\"pxl-menu-primary clearfix\"><li id=\"menu-item-39960\" class=\"menu-item menu-item-type-post_type menu-item-object-page menu-item-39960\"><a href=\"https:\/\/www.abi.it\/en\/assemblea\/\"><span class=\"pxl-menu-item-text\">Assembly<span class=\"pxl-item-menu-icon pxl-hide\"><\/span><\/span><\/a><\/li>\n<li id=\"menu-item-39961\" class=\"menu-item menu-item-type-post_type menu-item-object-page menu-item-39961\"><a href=\"https:\/\/www.abi.it\/en\/consiglio\/\"><span class=\"pxl-menu-item-text\">Council<span class=\"pxl-item-menu-icon pxl-hide\"><\/span><\/span><\/a><\/li>\n<li id=\"menu-item-39962\" class=\"menu-item menu-item-type-post_type menu-item-object-page menu-item-39962\"><a href=\"https:\/\/www.abi.it\/en\/comitato-esecutivo\/\"><span class=\"pxl-menu-item-text\">Executive Committee<span class=\"pxl-item-menu-icon pxl-hide\"><\/span><\/span><\/a><\/li>\n<li id=\"menu-item-39915\" class=\"menu-item menu-item-type-post_type menu-item-object-page menu-item-39915\"><a href=\"https:\/\/www.abi.it\/en\/presidente-3\/\"><span class=\"pxl-menu-item-text\">President<span class=\"pxl-item-menu-icon pxl-hide\"><\/span><\/span><\/a><\/li>\n<li id=\"menu-item-39963\" class=\"menu-item menu-item-type-post_type menu-item-object-page menu-item-39963\"><a href=\"https:\/\/www.abi.it\/en\/comitato-di-presidenza\/\"><span class=\"pxl-menu-item-text\">President's Committee<span class=\"pxl-item-menu-icon pxl-hide\"><\/span><\/span><\/a><\/li>\n<li id=\"menu-item-39965\" class=\"menu-item menu-item-type-post_type menu-item-object-page menu-item-39965\"><a href=\"https:\/\/www.abi.it\/en\/collegio-sindacale\/\"><span class=\"pxl-menu-item-text\">Board of Auditors<span class=\"pxl-item-menu-icon pxl-hide\"><\/span><\/span><\/a><\/li>\n<li id=\"menu-item-40105\" class=\"menu-item menu-item-type-post_type menu-item-object-page menu-item-40105\"><a href=\"https:\/\/www.abi.it\/en\/direttore-generale\/\"><span class=\"pxl-menu-item-text\">General Manager<span class=\"pxl-item-menu-icon pxl-hide\"><\/span><\/span><\/a><\/li>\n<li id=\"menu-item-39966\" class=\"menu-item menu-item-type-post_type menu-item-object-page menu-item-39966\"><a href=\"https:\/\/www.abi.it\/en\/probiviri\/\"><span class=\"pxl-menu-item-text\">Arbitrators<span class=\"pxl-item-menu-icon pxl-hide\"><\/span><\/span><\/a><\/li>\n<li id=\"menu-item-41103\" class=\"menu-item menu-item-type-post_type menu-item-object-page menu-item-41103\"><a href=\"https:\/\/www.abi.it\/en\/commissioni-regionali\/\"><span class=\"pxl-menu-item-text\">Regional Commissions<span class=\"pxl-item-menu-icon pxl-hide\"><\/span><\/span><\/a><\/li>\n<li id=\"menu-item-39968\" class=\"menu-item menu-item-type-post_type menu-item-object-page menu-item-39968\"><a href=\"https:\/\/www.abi.it\/en\/comitati-tecnici\/\"><span class=\"pxl-menu-item-text\">Comitati<span class=\"pxl-item-menu-icon pxl-hide\"><\/span><\/span><\/a><\/li>\n<li id=\"menu-item-39969\" class=\"menu-item menu-item-type-post_type menu-item-object-page menu-item-39969\"><a href=\"https:\/\/www.abi.it\/en\/gruppi-di-lavoro\/\"><span class=\"pxl-menu-item-text\">Working Groups<span class=\"pxl-item-menu-icon pxl-hide\"><\/span><\/span><\/a><\/li>\n<\/ul><\/div>    <\/div>\n\t\t\t\t<\/div>\n\t\t\t\t<\/div>\n\t\t\t\t\t<\/div>\n\t\t\t\t<\/nav>\n\t\t            <\/div>\n        <\/aside>\n                <section class=\"elementor-column elementor-col-50 elementor-top-column elementor-element elementor-element-caa1065 pxl-column-sticky pxl-column-overflow-hidden-no\" data-id=\"caa1065\" data-element_type=\"column\" data-e-type=\"column\">\n        <div class=\"elementor-widget-wrap elementor-element-populated\">\n                     \n        \t\t<div class=\"elementor-element elementor-element-ac17dd2 elementor-align-left elementor-widget elementor-widget-breadcrumbs\" data-id=\"ac17dd2\" data-element_type=\"widget\" data-e-type=\"widget\" data-widget_type=\"breadcrumbs.default\">\n\t\t\t\t<div class=\"elementor-widget-container\">\n\t\t\t\t\t<nav id=\"breadcrumbs\"><span><span><a href=\"https:\/\/abi-newsite.azurewebsites.net\/\">Home<\/a><\/span><\/span><\/nav>\t\t\t\t<\/div>\n\t\t\t\t<\/div>\n\t\t\t\t<div class=\"elementor-element elementor-element-649af18 elementor-hidden-widescreen elementor-hidden-desktop elementor-hidden-laptop elementor-hidden-tablet_extra elementor-widget elementor-widget-html\" data-id=\"649af18\" data-element_type=\"widget\" data-e-type=\"widget\" data-widget_type=\"html.default\">\n\t\t\t\t<div class=\"elementor-widget-container\">\n\t\t\t\t\t<label for=\"pageDropdown\" class=\"sr-only\">List of organs<\/label>\n<div class=\"select-wrapper\">\n  <select id=\"pageDropdown\" onchange=\"navigateToPage()\">\n    <option value=\"\" id=\"empty\">List of organs<\/option>\n    \n    <option value=\"\/assemblea\">Assembly<\/option>\n    \n    <option value=\"\/consiglio\">Council<\/option>\n    \n    <option value=\"\/comitato-esecutivo\">Executive Committee<\/option>\n    \n    <option value=\"\/presidente-3\">President<\/option>\n    \n    <!--\n    <option value=\"\/presidenti-emeriti\">Presidenti emeriti<\/option>\n    -->\n    \n    <option value=\"\/comitato-di-presidenza\">President's Committee<\/option>\n    \n    <option value=\"\/collegio-sindacale\">Board of Auditors<\/option>\n    \n    <option value=\"\/direttore-generale\">General Manager<\/option>\n    \n    <option value=\"\/probiviri\">Arbitrators<\/option>\n    \n    <option value=\"\/commissioni-regionali\">Regional Commissions<\/option>\n    \n    <option value=\"\/comitati-tecnici\">Comitati<\/option>\n    \n    <option value=\"\/gruppi-di-lavoro\">Working Groups<\/option>\n  <\/select>\n<\/div>\n\n<script>\n  const currentPath = window.location.pathname;\n  const dropdown = document.getElementById(\"pageDropdown\");\n\n  for (let i = 0; i < dropdown.options.length; i++) {\n    if (dropdown.options[i].value === currentPath) {\n      dropdown.selectedIndex = i;\n      break;\n    }\n  }\n\n  dropdown.addEventListener(\"change\", function () {\n    const selectedUrl = this.value;\n    if (selectedUrl) {\n      window.location.href = selectedUrl;\n    }\n  });\n<\/script>\n\n<style>\n   label {\n       display: block;\n       margin-bottom: 0.5rem;\n       color: #1E5580;\n       font-weight: 600;\n       font-size: 1rem;\n     }\n\n  .sr-only {\n       position: absolute;\n       width: 1px;\n       height: 1px;\n       padding: 0;\n       margin: -1px;\n       overflow: hidden;\n       clip: rect(0, 0, 0, 0);\n       white-space: nowrap;\n       border: 0;\n     }\n\n     .select-wrapper {\n       position: relative;\n       max-width: 575px;\n     }\n\n     .select-wrapper::after {\n       content: \"\u25bc\";\n       position: absolute;\n       top: 50%;\n       right: 1rem;\n       transform: translateY(-50%);\n       pointer-events: none;\n       color: #1E5580;\n       font-size: 0.8rem;\n     }\n\n     #pageDropdown {\n       appearance: none;\n       -webkit-appearance: none;\n       -moz-appearance: none;\n       background-color: #fff;\n       border: 2px solid #1E5580;\n       border-radius: 8px;\n       padding: 0.75rem 2.5rem 0.75rem 1rem;\n       font-size: 1rem;\n       color: #1E5580;\n       font-family: 'Mulish', sans-serif;\n       max-width: 100%;\n       box-sizing: border-box;\n       cursor: pointer;\n       transition: border-color 0.3s ease, box-shadow 0.3s ease;\n     }\n\n     #pageDropdown:focus {\n       outline: none;\n       border-color: #124060;\n       box-shadow: 0 0 0 3px rgba(30, 85, 128, 0.25);\n     }\n\n     #pageDropdown option {\n       color: #1E5580;\n\n     }\n\n\n     \/**\/\n     #pageDropdown #empty {\n         background-color: #F6F8FA !important;\n     }\n<\/style>\t\t\t\t<\/div>\n\t\t\t\t<\/div>\n\t\t\t\t<div class=\"elementor-element elementor-element-1aec473 elementor-widget elementor-widget-heading\" data-id=\"1aec473\" data-element_type=\"widget\" data-e-type=\"widget\" data-widget_type=\"heading.default\">\n\t\t\t\t<div class=\"elementor-widget-container\">\n\t\t\t\t\t<h1 class=\"elementor-heading-title elementor-size-default\">General Manager<\/h1>\t\t\t\t<\/div>\n\t\t\t\t<\/div>\n\t\t\t\t<div class=\"elementor-element elementor-element-e5cee3b elementor-author-box--layout-image-left elementor-widget elementor-widget-author-box\" data-id=\"e5cee3b\" data-element_type=\"widget\" data-e-type=\"widget\" data-widget_type=\"author-box.default\">\n\t\t\t\t<div class=\"elementor-widget-container\">\n\t\t\t\t\t\t\t<div class=\"elementor-author-box\">\n\t\t\t\t\t\t\t<div  class=\"elementor-author-box__avatar\">\n\t\t\t\t\t<img decoding=\"async\" src=\"\/wp-content\/uploads\/2024\/12\/Rottigni_1-1-271x300.jpg\" alt=\"Picture of Marco Elio Rottigni\" loading=\"lazy\">\n\t\t\t\t<\/div>\n\t\t\t\n\t\t\t<div class=\"elementor-author-box__text\">\n\t\t\t\t\t\t\t\t\t<div >\n\t\t\t\t\t\t<h2 class=\"elementor-author-box__name\">\n\t\t\t\t\t\t\tMarco Elio Rottigni\t\t\t\t\t\t<\/h2>\n\t\t\t\t\t<\/div>\n\t\t\t\t\n\t\t\t\t\t\t\t\t\t<div class=\"elementor-author-box__bio\">\n\t\t\t\t\t\t<p>Marco Elio Rottigni \u00e8 Direttore generale dell\u2019ABI dal 1\u00b0 luglio 2024.<br \/>\nNato a Milano il 22 dicembre 1961. \u00c8 stato Responsabile della Divisione International Subsidiary Banks dal 1\u00b0 gennaio 2020 di Intesa Sanpaolo.<br \/>\nNel 1982 ha cominciato la sua esperienza in Banca Commerciale Italiana come analista finanziario, all\u2019interno di un percorso che lo ha portato a ricoprire diversi incarichi in ambito commerciale e creditizio, fino ad essere nominato Direttore di sede centrale (mercati corporate, private banking e retail) e di due Filiali dipendenti nel 1998.<br \/>\nDal 2000 al 2004 \u00e8 stato Global Relationship Manager Large Corporate, nei settori Buildings & Constructions \u2013 Telecom & Media in Banca Intesa.<br \/>\nNel 2005 ha assunto l\u2019incarico di Responsabile dell\u2019Area Nord Est della Direzione Mid Corporate all\u2019interno della Divisione Corporate and Investment Banking di Intesa Sanpaolo; dopo 4 anni, ad aprile 2009, \u00e8 stato nominato Responsabile della Direzione Mid Corporate Italia.<br \/>\nNel 2013 ha assunto la responsabilit\u00e0 anche del segmento Public Finance (ex BIIS), nella costituita Direzione Corporate e Public Finance, affiancando le aziende negli anni di maggiore cambiamento legato agli andamenti congiunturali e ai processi di internazionalizzazione dell\u2019industria italiana.<br \/>\nNell\u2019estate del 2016 \u00e8 stato nominato Responsabile della Direzione Global Corporate, che gestisce circa 2.000 gruppi italiani ed esteri con un fatturato superiore ai \u20ac 350 mln, oltre a tutti gli Enti della Pubblica Amministrazione. Nel gennaio 2018 \u00e8 stato nominato Chief Lending Officer.<br \/>\n\u00c8 stato Consigliere e Membro del Comitato Esecutivo del CdA di Mediofactoring S.p.A. (2010-2011), Consigliere e Membro del Comitato Esecutivo del CdA di Leasint S.p.A. (2010 \u2013 2013), Consigliere di amministrazione e Membro del Comitato Esecutivo di Soci\u00e9t\u00e9 Europ\u00e9enne de Banque SA (2011 \u2013 2014), Membro del Comitato Credito di Mediocredito Italiano (dal 2014) e da aprile 2016 \u00e8 stato Consigliere di Amministrazione di Intesa Sanpaolo Private.<\/p>\n\t\t\t\t\t<\/div>\n\t\t\t\t\n\t\t\t\t\t\t\t<\/div>\n\t\t<\/div>\n\t\t\t\t\t\t<\/div>\n\t\t\t\t<\/div>\n\t\t\t\t<div class=\"elementor-element elementor-element-c8f3675 elementor-widget elementor-widget-heading\" data-id=\"c8f3675\" data-element_type=\"widget\" data-e-type=\"widget\" data-widget_type=\"heading.default\">\n\t\t\t\t<div class=\"elementor-widget-container\">\n\t\t\t\t\t<h2 class=\"elementor-heading-title elementor-size-default\">Interviews \/ Articles  <\/h2>\t\t\t\t<\/div>\n\t\t\t\t<\/div>\n\t\t\t\t<div class=\"elementor-element elementor-element-a55fd01 elementor-widget elementor-widget-n-accordion\" data-id=\"a55fd01\" data-element_type=\"widget\" data-e-type=\"widget\" data-settings=\"{&quot;default_state&quot;:&quot;all_collapsed&quot;,&quot;max_items_expended&quot;:&quot;one&quot;,&quot;n_accordion_animation_duration&quot;:{&quot;unit&quot;:&quot;ms&quot;,&quot;size&quot;:400,&quot;sizes&quot;:[]}}\" data-widget_type=\"nested-accordion.default\">\n\t\t\t\t<div class=\"elementor-widget-container\">\n\t\t\t\t\t\t\t<div class=\"e-n-accordion\" aria-label=\"Accordion. Open links with Enter or Space, close with Escape, and navigate with Arrow Keys\">\n\t\t\t\t\t\t<details id=\"e-n-accordion-item-1730\" class=\"e-n-accordion-item\" >\n\t\t\t\t<summary class=\"e-n-accordion-item-title\" data-accordion-index=\"1\" tabindex=\"0\" aria-expanded=\"false\" aria-controls=\"e-n-accordion-item-1730\" >\n\t\t\t\t\t<span class='e-n-accordion-item-title-header'><div class=\"e-n-accordion-item-title-text\"> 2026 <\/div><\/span>\n\t\t\t\t\t\t\t<span class='e-n-accordion-item-title-icon'>\n\t\t\t<span class='e-opened' ><i aria-hidden=\"true\" class=\"fas fa-minus\"><\/i><\/span>\n\t\t\t<span class='e-closed'><i aria-hidden=\"true\" class=\"fas fa-plus\"><\/i><\/span>\n\t\t<\/span>\n\n\t\t\t\t\t\t<\/summary>\n\t\t\t\t<div role=\"region\" aria-labelledby=\"e-n-accordion-item-1730\" class=\"elementor-element elementor-element-294ebf8 e-con-full e-flex e-con e-child\" data-id=\"294ebf8\" data-element_type=\"container\" data-e-type=\"container\" data-settings=\"{&quot;background_background&quot;:&quot;classic&quot;}\">\n\t\t\t\t<div class=\"elementor-element elementor-element-e01824d elementor-icon-list--layout-traditional elementor-list-item-link-full_width elementor-widget elementor-widget-icon-list\" data-id=\"e01824d\" data-element_type=\"widget\" data-e-type=\"widget\" data-widget_type=\"icon-list.default\">\n\t\t\t\t<div class=\"elementor-widget-container\">\n\t\t\t\t\t\t\t<ul class=\"elementor-icon-list-items\">\n\t\t\t\t\t\t\t<li class=\"elementor-icon-list-item\">\n\t\t\t\t\t\t\t\t\t\t\t<a href=\"https:\/\/www.abi.it\/wp-content\/uploads\/2026\/03\/MCL1A7.mp4\" target=\"_blank\">\n\n\t\t\t\t\t\t\t\t\t\t\t\t<span class=\"elementor-icon-list-icon\">\n\t\t\t\t\t\t\t<i aria-hidden=\"true\" class=\"fas fa-circle\"><\/i>\t\t\t\t\t\t<\/span>\n\t\t\t\t\t\t\t\t\t\t<span class=\"elementor-icon-list-text\">Intervista al Dg Rottigni su aumento assalti ATM, Studio Aperto, 11\/03\/2026<\/span>\n\t\t\t\t\t\t\t\t\t\t\t<\/a>\n\t\t\t\t\t\t\t\t\t<\/li>\n\t\t\t\t\t\t\t\t<li class=\"elementor-icon-list-item\">\n\t\t\t\t\t\t\t\t\t\t\t<a href=\"https:\/\/www.abi.it\/wp-content\/uploads\/2026\/03\/Dg-Il-sole-24-ore-mar26.pdf\" target=\"_blank\">\n\n\t\t\t\t\t\t\t\t\t\t\t\t<span class=\"elementor-icon-list-icon\">\n\t\t\t\t\t\t\t<i aria-hidden=\"true\" class=\"fas fa-circle\"><\/i>\t\t\t\t\t\t<\/span>\n\t\t\t\t\t\t\t\t\t\t<span class=\"elementor-icon-list-text\">\"Recrudescenza degli attacchi agli ATM, Il Sole 24 Ore, 04\/03\/2026<\/span>\n\t\t\t\t\t\t\t\t\t\t\t<\/a>\n\t\t\t\t\t\t\t\t\t<\/li>\n\t\t\t\t\t\t<\/ul>\n\t\t\t\t\t\t<\/div>\n\t\t\t\t<\/div>\n\t\t\t\t<\/div>\n\t\t\t\t\t<\/details>\n\t\t\t\t\t\t<details id=\"e-n-accordion-item-1731\" class=\"e-n-accordion-item\" >\n\t\t\t\t<summary class=\"e-n-accordion-item-title\" data-accordion-index=\"2\" tabindex=\"-1\" aria-expanded=\"false\" aria-controls=\"e-n-accordion-item-1731\" >\n\t\t\t\t\t<span class='e-n-accordion-item-title-header'><div class=\"e-n-accordion-item-title-text\"> 2025 <\/div><\/span>\n\t\t\t\t\t\t\t<span class='e-n-accordion-item-title-icon'>\n\t\t\t<span class='e-opened' ><i aria-hidden=\"true\" class=\"fas fa-minus\"><\/i><\/span>\n\t\t\t<span class='e-closed'><i aria-hidden=\"true\" class=\"fas fa-plus\"><\/i><\/span>\n\t\t<\/span>\n\n\t\t\t\t\t\t<\/summary>\n\t\t\t\t<div role=\"region\" aria-labelledby=\"e-n-accordion-item-1731\" class=\"elementor-element elementor-element-bd739bb e-con-full e-flex e-con e-child\" data-id=\"bd739bb\" data-element_type=\"container\" data-e-type=\"container\" data-settings=\"{&quot;background_background&quot;:&quot;classic&quot;}\">\n\t\t\t\t<div class=\"elementor-element elementor-element-587095d elementor-icon-list--layout-traditional elementor-list-item-link-full_width elementor-widget elementor-widget-icon-list\" data-id=\"587095d\" data-element_type=\"widget\" data-e-type=\"widget\" data-widget_type=\"icon-list.default\">\n\t\t\t\t<div class=\"elementor-widget-container\">\n\t\t\t\t\t\t\t<ul class=\"elementor-icon-list-items\">\n\t\t\t\t\t\t\t<li class=\"elementor-icon-list-item\">\n\t\t\t\t\t\t\t\t\t\t\t<a href=\"https:\/\/www.abi.it\/wp-content\/uploads\/2025\/12\/Eco-di-Bergamo-14-12-2025.pdf\" target=\"_blank\">\n\n\t\t\t\t\t\t\t\t\t\t\t\t<span class=\"elementor-icon-list-icon\">\n\t\t\t\t\t\t\t<i aria-hidden=\"true\" class=\"fas fa-circle\"><\/i>\t\t\t\t\t\t<\/span>\n\t\t\t\t\t\t\t\t\t\t<span class=\"elementor-icon-list-text\">La rivoluzione dell'euro digitale, L'Eco di Bergamo, 14\/12\/2025<\/span>\n\t\t\t\t\t\t\t\t\t\t\t<\/a>\n\t\t\t\t\t\t\t\t\t<\/li>\n\t\t\t\t\t\t\t\t<li class=\"elementor-icon-list-item\">\n\t\t\t\t\t\t\t\t\t\t\t<a href=\"\/wp-content\/uploads\/2025\/11\/Sito-SKYtg24-Violenza_economica_e_autonomia_finanziaria_intervista-DG-Rottigni_251125.pdf\" target=\"_blank\">\n\n\t\t\t\t\t\t\t\t\t\t\t\t<span class=\"elementor-icon-list-icon\">\n\t\t\t\t\t\t\t<i aria-hidden=\"true\" class=\"fas fa-circle\"><\/i>\t\t\t\t\t\t<\/span>\n\t\t\t\t\t\t\t\t\t\t<span class=\"elementor-icon-list-text\">Violenza economica, come aiutare le donne a riconoscerla e combatterla, SkyTg24, 25\/11\/2025<\/span>\n\t\t\t\t\t\t\t\t\t\t\t<\/a>\n\t\t\t\t\t\t\t\t\t<\/li>\n\t\t\t\t\t\t\t\t<li class=\"elementor-icon-list-item\">\n\t\t\t\t\t\t\t\t\t\t\t<a href=\"\/wp-content\/uploads\/2025\/11\/Dg-Rottigni-.mp4\" target=\"_blank\">\n\n\t\t\t\t\t\t\t\t\t\t\t\t<span class=\"elementor-icon-list-icon\">\n\t\t\t\t\t\t\t<i aria-hidden=\"true\" class=\"fas fa-circle\"><\/i>\t\t\t\t\t\t<\/span>\n\t\t\t\t\t\t\t\t\t\t<span class=\"elementor-icon-list-text\">Intervista di Class CNBC al Direttore Generale ABI, Marco Elio Rottigni, 10\/11\/2025<\/span>\n\t\t\t\t\t\t\t\t\t\t\t<\/a>\n\t\t\t\t\t\t\t\t\t<\/li>\n\t\t\t\t\t\t\t\t<li class=\"elementor-icon-list-item\">\n\t\t\t\t\t\t\t\t\t\t\t<a href=\"\/wp-content\/uploads\/2025\/10\/LNT7WV.mp4\" target=\"_blank\">\n\n\t\t\t\t\t\t\t\t\t\t\t\t<span class=\"elementor-icon-list-icon\">\n\t\t\t\t\t\t\t<i aria-hidden=\"true\" class=\"fas fa-circle\"><\/i>\t\t\t\t\t\t<\/span>\n\t\t\t\t\t\t\t\t\t\t<span class=\"elementor-icon-list-text\">Salone dei Pagamenti - Class CNBC intervista il Direttore Generale ABI, Marco Elio Rottigni, 29\/10\/2025<\/span>\n\t\t\t\t\t\t\t\t\t\t\t<\/a>\n\t\t\t\t\t\t\t\t\t<\/li>\n\t\t\t\t\t\t\t\t<li class=\"elementor-icon-list-item\">\n\t\t\t\t\t\t\t\t\t\t\t<a href=\"\/wp-content\/uploads\/2025\/10\/LND3XT.mp4\" target=\"_blank\">\n\n\t\t\t\t\t\t\t\t\t\t\t\t<span class=\"elementor-icon-list-icon\">\n\t\t\t\t\t\t\t<i aria-hidden=\"true\" class=\"fas fa-circle\"><\/i>\t\t\t\t\t\t<\/span>\n\t\t\t\t\t\t\t\t\t\t<span class=\"elementor-icon-list-text\">Salone dei Pagamenti - Class CNBC intervista al Direttore generale dell'ABI Marco Elio Rottigni, 27\/10\/2025<\/span>\n\t\t\t\t\t\t\t\t\t\t\t<\/a>\n\t\t\t\t\t\t\t\t\t<\/li>\n\t\t\t\t\t\t\t\t<li class=\"elementor-icon-list-item\">\n\t\t\t\t\t\t\t\t\t\t\t<a href=\"\/wp-content\/uploads\/2025\/10\/AffariFinanza-27-ottobre-DG.pdf\" target=\"_blank\">\n\n\t\t\t\t\t\t\t\t\t\t\t\t<span class=\"elementor-icon-list-icon\">\n\t\t\t\t\t\t\t<i aria-hidden=\"true\" class=\"fas fa-circle\"><\/i>\t\t\t\t\t\t<\/span>\n\t\t\t\t\t\t\t\t\t\t<span class=\"elementor-icon-list-text\">L'innovazione che scuote il mondo della finanza, A&amp;F, 27\/10\/2025<\/span>\n\t\t\t\t\t\t\t\t\t\t\t<\/a>\n\t\t\t\t\t\t\t\t\t<\/li>\n\t\t\t\t\t\t\t\t<li class=\"elementor-icon-list-item\">\n\t\t\t\t\t\t\t\t\t\t\t<a href=\"\/wp-content\/uploads\/2025\/10\/Rottigni-articolo-su-Repubblica-9-ottobre-2025.pdf\" target=\"_blank\">\n\n\t\t\t\t\t\t\t\t\t\t\t\t<span class=\"elementor-icon-list-icon\">\n\t\t\t\t\t\t\t<i aria-hidden=\"true\" class=\"fas fa-circle\"><\/i>\t\t\t\t\t\t<\/span>\n\t\t\t\t\t\t\t\t\t\t<span class=\"elementor-icon-list-text\">Il linguaggio comune, La Repubblica, 09\/10\/2025<\/span>\n\t\t\t\t\t\t\t\t\t\t\t<\/a>\n\t\t\t\t\t\t\t\t\t<\/li>\n\t\t\t\t\t\t\t\t<li class=\"elementor-icon-list-item\">\n\t\t\t\t\t\t\t\t\t\t\t<a href=\"\/wp-content\/uploads\/2025\/10\/Rottigni-intervista-su-Il-Sole-24-ore-5-ottobre-2025-1.pdf\" target=\"_blank\">\n\n\t\t\t\t\t\t\t\t\t\t\t\t<span class=\"elementor-icon-list-icon\">\n\t\t\t\t\t\t\t<i aria-hidden=\"true\" class=\"fas fa-circle\"><\/i>\t\t\t\t\t\t<\/span>\n\t\t\t\t\t\t\t\t\t\t<span class=\"elementor-icon-list-text\">\"Pronti al dialogo sulla manovra, ma nessuna stretta sulle garanzie\", Il Sole 24 ore, 05\/10\/2025<\/span>\n\t\t\t\t\t\t\t\t\t\t\t<\/a>\n\t\t\t\t\t\t\t\t\t<\/li>\n\t\t\t\t\t\t\t\t<li class=\"elementor-icon-list-item\">\n\t\t\t\t\t\t\t\t\t\t\t<a href=\"https:\/\/www.abi.it\/wp-content\/uploads\/2025\/10\/Avvenire-Dg-3ott25.pdf\" target=\"_blank\">\n\n\t\t\t\t\t\t\t\t\t\t\t\t<span class=\"elementor-icon-list-icon\">\n\t\t\t\t\t\t\t<i aria-hidden=\"true\" class=\"fas fa-circle\"><\/i>\t\t\t\t\t\t<\/span>\n\t\t\t\t\t\t\t\t\t\t<span class=\"elementor-icon-list-text\">\"Le banche ci sono, ma conta la fiducia\", Avvenire, 3\/10\/2025<\/span>\n\t\t\t\t\t\t\t\t\t\t\t<\/a>\n\t\t\t\t\t\t\t\t\t<\/li>\n\t\t\t\t\t\t\t\t<li class=\"elementor-icon-list-item\">\n\t\t\t\t\t\t\t\t\t\t\t<a href=\"\/wp-content\/uploads\/2025\/10\/GdA-ott25-Rottigni.pdf\" target=\"_blank\">\n\n\t\t\t\t\t\t\t\t\t\t\t\t<span class=\"elementor-icon-list-icon\">\n\t\t\t\t\t\t\t<i aria-hidden=\"true\" class=\"fas fa-circle\"><\/i>\t\t\t\t\t\t<\/span>\n\t\t\t\t\t\t\t\t\t\t<span class=\"elementor-icon-list-text\">Natura, cultura, finanza, Il Giornale dell'Arte per il Festival \"E' Cultura!\", ottobre 2025<\/span>\n\t\t\t\t\t\t\t\t\t\t\t<\/a>\n\t\t\t\t\t\t\t\t\t<\/li>\n\t\t\t\t\t\t\t\t<li class=\"elementor-icon-list-item\">\n\t\t\t\t\t\t\t\t\t\t\t<a href=\"\/wp-content\/uploads\/2025\/11\/LF7HE9.mp4\" target=\"_blank\">\n\n\t\t\t\t\t\t\t\t\t\t\t\t<span class=\"elementor-icon-list-icon\">\n\t\t\t\t\t\t\t<i aria-hidden=\"true\" class=\"fas fa-circle\"><\/i>\t\t\t\t\t\t<\/span>\n\t\t\t\t\t\t\t\t\t\t<span class=\"elementor-icon-list-text\">Tg2000 intervista al Direttore generale ABI Rottigni, 12\/09\/2025<\/span>\n\t\t\t\t\t\t\t\t\t\t\t<\/a>\n\t\t\t\t\t\t\t\t\t<\/li>\n\t\t\t\t\t\t\t\t<li class=\"elementor-icon-list-item\">\n\t\t\t\t\t\t\t\t\t\t\t<a href=\"\/wp-content\/uploads\/2025\/08\/Rottigni-27ago25.pdf\" target=\"_blank\">\n\n\t\t\t\t\t\t\t\t\t\t\t\t<span class=\"elementor-icon-list-icon\">\n\t\t\t\t\t\t\t<i aria-hidden=\"true\" class=\"fas fa-circle\"><\/i>\t\t\t\t\t\t<\/span>\n\t\t\t\t\t\t\t\t\t\t<span class=\"elementor-icon-list-text\">Dal mercato del credito segnali di ripresa, L'Eco di Bergamo, 27\/08\/2025<\/span>\n\t\t\t\t\t\t\t\t\t\t\t<\/a>\n\t\t\t\t\t\t\t\t\t<\/li>\n\t\t\t\t\t\t\t\t<li class=\"elementor-icon-list-item\">\n\t\t\t\t\t\t\t\t\t\t\t<a href=\"\/wp-content\/uploads\/2025\/10\/We-Wealth-dg-agosto25.pdf\" target=\"_blank\">\n\n\t\t\t\t\t\t\t\t\t\t\t\t<span class=\"elementor-icon-list-icon\">\n\t\t\t\t\t\t\t<i aria-hidden=\"true\" class=\"fas fa-circle\"><\/i>\t\t\t\t\t\t<\/span>\n\t\t\t\t\t\t\t\t\t\t<span class=\"elementor-icon-list-text\">Banche in manovra contro la violenza di genere, We-Wealth, agosto 2025<\/span>\n\t\t\t\t\t\t\t\t\t\t\t<\/a>\n\t\t\t\t\t\t\t\t\t<\/li>\n\t\t\t\t\t\t\t\t<li class=\"elementor-icon-list-item\">\n\t\t\t\t\t\t\t\t\t\t\t<a href=\"\/wp-content\/uploads\/2025\/08\/Rottigni-Avvenire-8giu25.pdf\" target=\"_blank\">\n\n\t\t\t\t\t\t\t\t\t\t\t\t<span class=\"elementor-icon-list-icon\">\n\t\t\t\t\t\t\t<i aria-hidden=\"true\" class=\"fas fa-circle\"><\/i>\t\t\t\t\t\t<\/span>\n\t\t\t\t\t\t\t\t\t\t<span class=\"elementor-icon-list-text\">Le banche per l\u2019Africa con la finanza privata e un\u2019Europa pi\u00f9 unita, Avvenire, 08\/06\/2025<\/span>\n\t\t\t\t\t\t\t\t\t\t\t<\/a>\n\t\t\t\t\t\t\t\t\t<\/li>\n\t\t\t\t\t\t\t\t<li class=\"elementor-icon-list-item\">\n\t\t\t\t\t\t\t\t\t\t\t<a href=\"\/en\/?wpdmdl=43096\" target=\"_blank\">\n\n\t\t\t\t\t\t\t\t\t\t\t\t<span class=\"elementor-icon-list-icon\">\n\t\t\t\t\t\t\t<i aria-hidden=\"true\" class=\"fas fa-circle\"><\/i>\t\t\t\t\t\t<\/span>\n\t\t\t\t\t\t\t\t\t\t<span class=\"elementor-icon-list-text\">Le banche e l\u2018obiettivo della crescita inclusiva, Avvenire, 26\/03\/2025<\/span>\n\t\t\t\t\t\t\t\t\t\t\t<\/a>\n\t\t\t\t\t\t\t\t\t<\/li>\n\t\t\t\t\t\t\t\t<li class=\"elementor-icon-list-item\">\n\t\t\t\t\t\t\t\t\t\t\t<a href=\"https:\/\/www.radioradicale.it\/scheda\/754726\/diversita-e-inclusione-nella-finanza-intervista-a-marco-elio-rottigni?i=4886101\" target=\"_blank\">\n\n\t\t\t\t\t\t\t\t\t\t\t\t<span class=\"elementor-icon-list-icon\">\n\t\t\t\t\t\t\t<i aria-hidden=\"true\" class=\"fas fa-circle\"><\/i>\t\t\t\t\t\t<\/span>\n\t\t\t\t\t\t\t\t\t\t<span class=\"elementor-icon-list-text\">Radio Radicale, \u201cDiversit\u00e0 e inclusione nella finanza\u201d, 20\/03\/2025<\/span>\n\t\t\t\t\t\t\t\t\t\t\t<\/a>\n\t\t\t\t\t\t\t\t\t<\/li>\n\t\t\t\t\t\t\t\t<li class=\"elementor-icon-list-item\">\n\t\t\t\t\t\t\t\t\t\t\t<a href=\"\/en\/?wpdmdl=43097\" target=\"_blank\">\n\n\t\t\t\t\t\t\t\t\t\t\t\t<span class=\"elementor-icon-list-icon\">\n\t\t\t\t\t\t\t<i aria-hidden=\"true\" class=\"fas fa-circle\"><\/i>\t\t\t\t\t\t<\/span>\n\t\t\t\t\t\t\t\t\t\t<span class=\"elementor-icon-list-text\">L\u2019euro digitale non sia il cavallo di Troia delle grandi piattaforme online, Mf, 18\/03\/2025<\/span>\n\t\t\t\t\t\t\t\t\t\t\t<\/a>\n\t\t\t\t\t\t\t\t\t<\/li>\n\t\t\t\t\t\t\t\t<li class=\"elementor-icon-list-item\">\n\t\t\t\t\t\t\t\t\t\t\t<a href=\"\/en\/?wpdmdl=43101\" target=\"_blank\">\n\n\t\t\t\t\t\t\t\t\t\t\t\t<span class=\"elementor-icon-list-icon\">\n\t\t\t\t\t\t\t<i aria-hidden=\"true\" class=\"fas fa-circle\"><\/i>\t\t\t\t\t\t<\/span>\n\t\t\t\t\t\t\t\t\t\t<span class=\"elementor-icon-list-text\">\u201cBanche pi\u00f9 solide: 50 miliardi di capitale per le aggregazioni\u201d, Il Sole 24 Ore, 1\/03\/2025<\/span>\n\t\t\t\t\t\t\t\t\t\t\t<\/a>\n\t\t\t\t\t\t\t\t\t<\/li>\n\t\t\t\t\t\t\t\t<li class=\"elementor-icon-list-item\">\n\t\t\t\t\t\t\t\t\t\t\t<a href=\"\/wp-content\/uploads\/2025\/05\/Class-Cnbc-intervista-il-Direttore-generale-ABI-Rottigli-19-02-2025.mp4\" target=\"_blank\">\n\n\t\t\t\t\t\t\t\t\t\t\t\t<span class=\"elementor-icon-list-icon\">\n\t\t\t\t\t\t\t<i aria-hidden=\"true\" class=\"fas fa-circle\"><\/i>\t\t\t\t\t\t<\/span>\n\t\t\t\t\t\t\t\t\t\t<span class=\"elementor-icon-list-text\">Class Cnbc intervista il Direttore generale ABI Rottigni, 19\/02\/2025<\/span>\n\t\t\t\t\t\t\t\t\t\t\t<\/a>\n\t\t\t\t\t\t\t\t\t<\/li>\n\t\t\t\t\t\t\t\t<li class=\"elementor-icon-list-item\">\n\t\t\t\t\t\t\t\t\t\t\t<a href=\"\/en\/?wpdmdl=43104\" target=\"_blank\">\n\n\t\t\t\t\t\t\t\t\t\t\t\t<span class=\"elementor-icon-list-icon\">\n\t\t\t\t\t\t\t<i aria-hidden=\"true\" class=\"fas fa-circle\"><\/i>\t\t\t\t\t\t<\/span>\n\t\t\t\t\t\t\t\t\t\t<span class=\"elementor-icon-list-text\">L\u2019innovazione nasce dalla collaborazione: il Salone lo dimostra, Italia Informa, 28\/02\/2025<\/span>\n\t\t\t\t\t\t\t\t\t\t\t<\/a>\n\t\t\t\t\t\t\t\t\t<\/li>\n\t\t\t\t\t\t<\/ul>\n\t\t\t\t\t\t<\/div>\n\t\t\t\t<\/div>\n\t\t\t\t<\/div>\n\t\t\t\t\t<\/details>\n\t\t\t\t\t\t<details id=\"e-n-accordion-item-1732\" class=\"e-n-accordion-item\" >\n\t\t\t\t<summary class=\"e-n-accordion-item-title\" data-accordion-index=\"3\" tabindex=\"-1\" aria-expanded=\"false\" aria-controls=\"e-n-accordion-item-1732\" >\n\t\t\t\t\t<span class='e-n-accordion-item-title-header'><div class=\"e-n-accordion-item-title-text\"> 2024 <\/div><\/span>\n\t\t\t\t\t\t\t<span class='e-n-accordion-item-title-icon'>\n\t\t\t<span class='e-opened' ><i aria-hidden=\"true\" class=\"fas fa-minus\"><\/i><\/span>\n\t\t\t<span class='e-closed'><i aria-hidden=\"true\" class=\"fas fa-plus\"><\/i><\/span>\n\t\t<\/span>\n\n\t\t\t\t\t\t<\/summary>\n\t\t\t\t<div role=\"region\" aria-labelledby=\"e-n-accordion-item-1732\" class=\"elementor-element elementor-element-6ec46ef e-con-full e-flex e-con e-child\" data-id=\"6ec46ef\" data-element_type=\"container\" data-e-type=\"container\" data-settings=\"{&quot;background_background&quot;:&quot;classic&quot;}\">\n\t\t\t\t<div class=\"elementor-element elementor-element-2875eaf elementor-icon-list--layout-traditional elementor-list-item-link-full_width elementor-widget elementor-widget-icon-list\" data-id=\"2875eaf\" data-element_type=\"widget\" data-e-type=\"widget\" data-widget_type=\"icon-list.default\">\n\t\t\t\t<div class=\"elementor-widget-container\">\n\t\t\t\t\t\t\t<ul class=\"elementor-icon-list-items\">\n\t\t\t\t\t\t\t<li class=\"elementor-icon-list-item\">\n\t\t\t\t\t\t\t\t\t\t\t<a href=\"\/wp-content\/uploads\/2025\/01\/Intervista-del-DG-ABI-Rottigni-Class-Cnbc-1-dicembre-2024-h.17.32.mp4\" target=\"_blank\">\n\n\t\t\t\t\t\t\t\t\t\t\t\t<span class=\"elementor-icon-list-icon\">\n\t\t\t\t\t\t\t<i aria-hidden=\"true\" class=\"fas fa-circle\"><\/i>\t\t\t\t\t\t<\/span>\n\t\t\t\t\t\t\t\t\t\t<span class=\"elementor-icon-list-text\">Class cnbc intervista il Direttore generale ABI Rottigni, 1\/12\/2024<\/span>\n\t\t\t\t\t\t\t\t\t\t\t<\/a>\n\t\t\t\t\t\t\t\t\t<\/li>\n\t\t\t\t\t\t\t\t<li class=\"elementor-icon-list-item\">\n\t\t\t\t\t\t\t\t\t\t\t<a href=\"\/wp-content\/uploads\/2024\/12\/Tg1-Intervista-Dg-Rottigni.mp4\" target=\"_blank\">\n\n\t\t\t\t\t\t\t\t\t\t\t\t<span class=\"elementor-icon-list-icon\">\n\t\t\t\t\t\t\t<i aria-hidden=\"true\" class=\"fas fa-circle\"><\/i>\t\t\t\t\t\t<\/span>\n\t\t\t\t\t\t\t\t\t\t<span class=\"elementor-icon-list-text\">TG1 \u2013 Intervista direttore generale Rottigni, 25\/10\/2024<\/span>\n\t\t\t\t\t\t\t\t\t\t\t<\/a>\n\t\t\t\t\t\t\t\t\t<\/li>\n\t\t\t\t\t\t\t\t<li class=\"elementor-icon-list-item\">\n\t\t\t\t\t\t\t\t\t\t\t<a href=\"\/wp-content\/uploads\/2024\/12\/RepubblicaDG17.10.24.pdf\" target=\"_blank\">\n\n\t\t\t\t\t\t\t\t\t\t\t\t<span class=\"elementor-icon-list-icon\">\n\t\t\t\t\t\t\t<i aria-hidden=\"true\" class=\"fas fa-circle\"><\/i>\t\t\t\t\t\t<\/span>\n\t\t\t\t\t\t\t\t\t\t<span class=\"elementor-icon-list-text\">Dialogo aperto ma non ha senso parlare di extra profitti, La Repubblica 17\/10\/2024<\/span>\n\t\t\t\t\t\t\t\t\t\t\t<\/a>\n\t\t\t\t\t\t\t\t\t<\/li>\n\t\t\t\t\t\t\t\t<li class=\"elementor-icon-list-item\">\n\t\t\t\t\t\t\t\t\t\t\t<a href=\"\/wp-content\/uploads\/2024\/12\/CnbcDg_4.10.24-1.mp4\" target=\"_blank\">\n\n\t\t\t\t\t\t\t\t\t\t\t\t<span class=\"elementor-icon-list-icon\">\n\t\t\t\t\t\t\t<i aria-hidden=\"true\" class=\"fas fa-circle\"><\/i>\t\t\t\t\t\t<\/span>\n\t\t\t\t\t\t\t\t\t\t<span class=\"elementor-icon-list-text\">Class cnbc intervista il direttore generale ABI Rottigni, 04\/10\/2024<\/span>\n\t\t\t\t\t\t\t\t\t\t\t<\/a>\n\t\t\t\t\t\t\t\t\t<\/li>\n\t\t\t\t\t\t<\/ul>\n\t\t\t\t\t\t<\/div>\n\t\t\t\t<\/div>\n\t\t\t\t<\/div>\n\t\t\t\t\t<\/details>\n\t\t\t\t\t<\/div>\n\t\t\t\t\t\t<\/div>\n\t\t\t\t<\/div>\n\t\t            <\/div>\n        <\/section>\n        \t\t\t<\/div>\n\t\t<\/section>\n\t\t\t\t<\/div>","protected":false},"excerpt":{"rendered":"<p>Assemblea Consiglio Comitato esecutivo Presidente Comitato di Presidenza Collegio Sindacale Direttore Generale Probiviri Commissioni regionali Comitati Gruppi di lavoro Lista organi Lista organiAssembleaConsiglioComitato esecutivoPresidenteComitato di PresidenzaCollegio SindacaleDirettore GeneraleProbiviriCommissioni regionaliComitatiGruppi di lavoro Direttore Generale Interviste \/ Articoli 2026 Intervista al Dg Rottigni su aumento assalti ATM, Studio Aperto, 11\/03\/2026 &#8220;Recrudescenza degli attacchi agli ATM, Il Sole [&hellip;]<\/p>","protected":false},"author":7,"featured_media":0,"parent":0,"menu_order":0,"comment_status":"closed","ping_status":"closed","template":"","meta":{"_acf_changed":false,"footnotes":""},"class_list":["post-39944","page","type-page","status-publish","hentry"],"acf":[],"yoast_head":"<!-- This site is optimized with the Yoast SEO plugin v27.2 - https:\/\/yoast.com\/product\/yoast-seo-wordpress\/ -->\n<title>Direttore Generale - ABI - Associazione Bancaria Italiana<\/title>\n<meta name=\"robots\" content=\"index, follow, max-snippet:-1, max-image-preview:large, max-video-preview:-1\" \/>\n<link rel=\"canonical\" href=\"https:\/\/www.abi.it\/en\/direttore-generale\/\" \/>\n<meta property=\"og:locale\" content=\"en_GB\" \/>\n<meta property=\"og:type\" content=\"article\" \/>\n<meta property=\"og:title\" content=\"Direttore Generale - ABI - Associazione Bancaria Italiana\" \/>\n<meta property=\"og:description\" content=\"Assemblea Consiglio Comitato esecutivo Presidente Comitato di Presidenza Collegio Sindacale Direttore Generale Probiviri Commissioni regionali Comitati Gruppi di lavoro Lista organi Lista organiAssembleaConsiglioComitato esecutivoPresidenteComitato di PresidenzaCollegio SindacaleDirettore GeneraleProbiviriCommissioni regionaliComitatiGruppi di lavoro Direttore Generale Interviste \/ Articoli 2026 Intervista al Dg Rottigni su aumento assalti ATM, Studio Aperto, 11\/03\/2026 &#8220;Recrudescenza degli attacchi agli ATM, Il Sole [&hellip;]\" \/>\n<meta property=\"og:url\" content=\"https:\/\/www.abi.it\/en\/direttore-generale\/\" \/>\n<meta property=\"og:site_name\" content=\"ABI - Associazione Bancaria Italiana\" \/>\n<meta property=\"article:modified_time\" content=\"2026-03-26T16:17:56+00:00\" \/>\n<meta name=\"twitter:card\" content=\"summary_large_image\" \/>\n<meta name=\"twitter:label1\" content=\"Estimated reading time\" \/>\n\t<meta name=\"twitter:data1\" content=\"6 minutes\" \/>\n<script type=\"application\/ld+json\" class=\"yoast-schema-graph\">{\"@context\":\"https:\/\/schema.org\",\"@graph\":[{\"@type\":\"WebPage\",\"@id\":\"https:\/\/www.abi.it\/direttore-generale\/\",\"url\":\"https:\/\/www.abi.it\/direttore-generale\/\",\"name\":\"Direttore Generale - ABI - Associazione Bancaria Italiana\",\"isPartOf\":{\"@id\":\"https:\/\/www.abi.it\/#website\"},\"datePublished\":\"2025-05-15T15:25:44+00:00\",\"dateModified\":\"2026-03-26T16:17:56+00:00\",\"breadcrumb\":{\"@id\":\"https:\/\/www.abi.it\/direttore-generale\/#breadcrumb\"},\"inLanguage\":\"en-GB\",\"potentialAction\":[{\"@type\":\"ReadAction\",\"target\":[\"https:\/\/www.abi.it\/direttore-generale\/\"]}]},{\"@type\":\"BreadcrumbList\",\"@id\":\"https:\/\/www.abi.it\/direttore-generale\/#breadcrumb\",\"itemListElement\":[{\"@type\":\"ListItem\",\"position\":1,\"name\":\"Home\",\"item\":\"https:\/\/abi-newsite.azurewebsites.net\/\"},{\"@type\":\"ListItem\",\"position\":2,\"name\":\"Direttore Generale\"}]},{\"@type\":\"WebSite\",\"@id\":\"https:\/\/www.abi.it\/#website\",\"url\":\"https:\/\/www.abi.it\/\",\"name\":\"ABI - Associazione Bancaria Italiana\",\"description\":\"\",\"potentialAction\":[{\"@type\":\"SearchAction\",\"target\":{\"@type\":\"EntryPoint\",\"urlTemplate\":\"https:\/\/www.abi.it\/?s={search_term_string}\"},\"query-input\":{\"@type\":\"PropertyValueSpecification\",\"valueRequired\":true,\"valueName\":\"search_term_string\"}}],\"inLanguage\":\"en-GB\"}]}<\/script>\n<!-- \/ Yoast SEO plugin. -->","yoast_head_json":{"title":"Direttore Generale - ABI - Associazione Bancaria Italiana","robots":{"index":"index","follow":"follow","max-snippet":"max-snippet:-1","max-image-preview":"max-image-preview:large","max-video-preview":"max-video-preview:-1"},"canonical":"https:\/\/www.abi.it\/en\/direttore-generale\/","og_locale":"en_GB","og_type":"article","og_title":"Direttore Generale - ABI - Associazione Bancaria Italiana","og_description":"Assemblea Consiglio Comitato esecutivo Presidente Comitato di Presidenza Collegio Sindacale Direttore Generale Probiviri Commissioni regionali Comitati Gruppi di lavoro Lista organi Lista organiAssembleaConsiglioComitato esecutivoPresidenteComitato di PresidenzaCollegio SindacaleDirettore GeneraleProbiviriCommissioni regionaliComitatiGruppi di lavoro Direttore Generale Interviste \/ Articoli 2026 Intervista al Dg Rottigni su aumento assalti ATM, Studio Aperto, 11\/03\/2026 &#8220;Recrudescenza degli attacchi agli ATM, Il Sole [&hellip;]","og_url":"https:\/\/www.abi.it\/en\/direttore-generale\/","og_site_name":"ABI - Associazione Bancaria Italiana","article_modified_time":"2026-03-26T16:17:56+00:00","twitter_card":"summary_large_image","twitter_misc":{"Estimated reading time":"6 minutes"},"schema":{"@context":"https:\/\/schema.org","@graph":[{"@type":"WebPage","@id":"https:\/\/www.abi.it\/direttore-generale\/","url":"https:\/\/www.abi.it\/direttore-generale\/","name":"Direttore Generale - ABI - Associazione Bancaria Italiana","isPartOf":{"@id":"https:\/\/www.abi.it\/#website"},"datePublished":"2025-05-15T15:25:44+00:00","dateModified":"2026-03-26T16:17:56+00:00","breadcrumb":{"@id":"https:\/\/www.abi.it\/direttore-generale\/#breadcrumb"},"inLanguage":"en-GB","potentialAction":[{"@type":"ReadAction","target":["https:\/\/www.abi.it\/direttore-generale\/"]}]},{"@type":"BreadcrumbList","@id":"https:\/\/www.abi.it\/direttore-generale\/#breadcrumb","itemListElement":[{"@type":"ListItem","position":1,"name":"Home","item":"https:\/\/abi-newsite.azurewebsites.net\/"},{"@type":"ListItem","position":2,"name":"Direttore Generale"}]},{"@type":"WebSite","@id":"https:\/\/www.abi.it\/#website","url":"https:\/\/www.abi.it\/","name":"ABI - Italian Banking Association","description":"","potentialAction":[{"@type":"SearchAction","target":{"@type":"EntryPoint","urlTemplate":"https:\/\/www.abi.it\/?s={search_term_string}"},"query-input":{"@type":"PropertyValueSpecification","valueRequired":true,"valueName":"search_term_string"}}],"inLanguage":"en-GB"}]}},"_links":{"self":[{"href":"https:\/\/www.abi.it\/en\/wp-json\/wp\/v2\/pages\/39944","targetHints":{"allow":["GET"]}}],"collection":[{"href":"https:\/\/www.abi.it\/en\/wp-json\/wp\/v2\/pages"}],"about":[{"href":"https:\/\/www.abi.it\/en\/wp-json\/wp\/v2\/types\/page"}],"author":[{"embeddable":true,"href":"https:\/\/www.abi.it\/en\/wp-json\/wp\/v2\/users\/7"}],"replies":[{"embeddable":true,"href":"https:\/\/www.abi.it\/en\/wp-json\/wp\/v2\/comments?post=39944"}],"version-history":[{"count":161,"href":"https:\/\/www.abi.it\/en\/wp-json\/wp\/v2\/pages\/39944\/revisions"}],"predecessor-version":[{"id":56420,"href":"https:\/\/www.abi.it\/en\/wp-json\/wp\/v2\/pages\/39944\/revisions\/56420"}],"wp:attachment":[{"href":"https:\/\/www.abi.it\/en\/wp-json\/wp\/v2\/media?parent=39944"}],"curies":[{"name":"wp","href":"https:\/\/api.w.org\/{rel}","templated":true}]}}