{"id":42729,"date":"2025-05-28T12:36:33","date_gmt":"2025-05-28T10:36:33","guid":{"rendered":"https:\/\/abi-newsite.azurewebsites.net\/?page_id=42729"},"modified":"2026-04-20T10:57:45","modified_gmt":"2026-04-20T08:57:45","slug":"informativa-fornitori","status":"publish","type":"page","link":"https:\/\/www.abi.it\/en\/informativa-fornitori\/","title":{"rendered":"Informativa fornitori"},"content":{"rendered":"<div data-elementor-type=\"wp-page\" data-elementor-id=\"42729\" class=\"elementor elementor-42729\" data-elementor-post-type=\"page\">\n\t\t\t\t        <section class=\"elementor-section elementor-top-section elementor-element elementor-element-578d28d elementor-section-stretched elementor-section-boxed elementor-section-height-default elementor-section-height-default pxl-row-scroll-none pxl-zoom-point-false pxl-section-overflow-visible pxl-section-fix-none pxl-bg-color-none pxl-section-overlay-none\" data-id=\"578d28d\" data-element_type=\"section\" data-e-type=\"section\" id=\"skip-to-main-content\" data-settings=\"{&quot;stretch_section&quot;:&quot;section-stretched&quot;}\">\n\n                \n                <div class=\"elementor-container elementor-column-gap-extended\">\n                <aside class=\"elementor-column elementor-col-50 elementor-top-column elementor-element elementor-element-14b702b pxl-column-sticky elementor-hidden-tablet elementor-hidden-mobile pxl-column-overflow-hidden-no\" data-id=\"14b702b\" data-element_type=\"column\" data-e-type=\"column\">\n        <div class=\"elementor-widget-wrap elementor-element-populated\">\n                     \n        <nav class=\"elementor-element elementor-element-7a3d27a elementor-hidden-tablet elementor-hidden-mobile e-flex e-con-boxed e-con e-parent\" data-id=\"7a3d27a\" data-element_type=\"container\" data-e-type=\"container\" data-settings=\"{&quot;sticky&quot;:&quot;top&quot;,&quot;sticky_on&quot;:[&quot;widescreen&quot;,&quot;desktop&quot;,&quot;laptop&quot;,&quot;tablet_extra&quot;],&quot;sticky_parent&quot;:&quot;yes&quot;,&quot;sticky_offset&quot;:0,&quot;sticky_effects_offset&quot;:0,&quot;sticky_anchor_link_offset&quot;:0}\">\n\t\t\t\t\t<div class=\"e-con-inner\">\n\t\t\t\t<div class=\"elementor-element elementor-element-c9251e1 elementor-hidden-tablet elementor-hidden-mobile elementor-hidden-mobile_extra elementor-widget elementor-widget-pxl_menu\" data-id=\"c9251e1\" data-element_type=\"widget\" data-e-type=\"widget\" data-widget_type=\"pxl_menu.default\">\n\t\t\t\t<div class=\"elementor-widget-container\">\n\t\t\t\t\t \n\n    <div class=\"pxl-nav-menu pxl-nav-menu1 style-default hover-underline sub-style-default show-effect-slideup sub-hover-left-line pxl-mega-full-width pxl-layout-vertical\" data-wow-delay=\"ms\">\n        <div class=\"menu-privacy-container\"><ul id=\"menu-privacy\" class=\"pxl-menu-primary clearfix\"><li id=\"menu-item-42739\" class=\"menu-item menu-item-type-post_type menu-item-object-page menu-item-privacy-policy menu-item-42739\"><a rel=\"privacy-policy\" href=\"https:\/\/www.abi.it\/en\/privacy\/\"><span class=\"pxl-menu-item-text\">Privacy<span class=\"pxl-item-menu-icon pxl-hide\"><\/span><\/span><\/a><\/li>\n<li id=\"menu-item-45798\" class=\"menu-item menu-item-type-post_type menu-item-object-page menu-item-45798\"><a href=\"https:\/\/www.abi.it\/en\/informativa-registrazione-sito\/\"><span class=\"pxl-menu-item-text\">Informativa registrazione sito<span class=\"pxl-item-menu-icon pxl-hide\"><\/span><\/span><\/a><\/li>\n<li id=\"menu-item-42740\" class=\"menu-item menu-item-type-post_type menu-item-object-page menu-item-42740\"><a href=\"https:\/\/www.abi.it\/en\/informativa-registrazione-newsletter\/\"><span class=\"pxl-menu-item-text\">Informativa registrazione newsletter<span class=\"pxl-item-menu-icon pxl-hide\"><\/span><\/span><\/a><\/li>\n<li id=\"menu-item-42741\" class=\"menu-item menu-item-type-post_type menu-item-object-page menu-item-42741\"><a href=\"https:\/\/www.abi.it\/en\/informativa-fornitori\/\"><span class=\"pxl-menu-item-text\">Informativa fornitori<span class=\"pxl-item-menu-icon pxl-hide\"><\/span><\/span><\/a><\/li>\n<li id=\"menu-item-42742\" class=\"menu-item menu-item-type-post_type menu-item-object-page menu-item-42742\"><a href=\"https:\/\/www.abi.it\/en\/informativa-invitati-ad-eventi\/\"><span class=\"pxl-menu-item-text\">Informativa invitati ad eventi<span class=\"pxl-item-menu-icon pxl-hide\"><\/span><\/span><\/a><\/li>\n<li id=\"menu-item-42743\" class=\"menu-item menu-item-type-post_type menu-item-object-page menu-item-42743\"><a href=\"https:\/\/www.abi.it\/en\/informativa-per-i-partecipanti-alle-visite\/\"><span class=\"pxl-menu-item-text\">Informativa per i partecipanti alle visite<span class=\"pxl-item-menu-icon pxl-hide\"><\/span><\/span><\/a><\/li>\n<li id=\"menu-item-53923\" class=\"menu-item menu-item-type-post_type menu-item-object-page menu-item-53923\"><a href=\"https:\/\/www.abi.it\/en\/informativa-privacy-abi-per-la-stipula-di-convenzioni-protocolli-dintesa\/\"><span class=\"pxl-menu-item-text\">Informativa stipula Convenzioni\/Protocolli d\u2019intesa<span class=\"pxl-item-menu-icon pxl-hide\"><\/span><\/span><\/a><\/li>\n<li id=\"menu-item-57157\" class=\"menu-item menu-item-type-post_type menu-item-object-page menu-item-57157\"><a href=\"https:\/\/www.abi.it\/en\/informativa-archivio-arpa\/\"><span class=\"pxl-menu-item-text\">Informativa Archivio Arpa<span class=\"pxl-item-menu-icon pxl-hide\"><\/span><\/span><\/a><\/li>\n<\/ul><\/div>    <\/div>\n\t\t\t\t<\/div>\n\t\t\t\t<\/div>\n\t\t\t\t\t<\/div>\n\t\t\t\t<\/nav>\n\t\t            <\/div>\n        <\/aside>\n                <section class=\"elementor-column elementor-col-50 elementor-top-column elementor-element elementor-element-caa1065 pxl-column-sticky pxl-column-overflow-hidden-no\" data-id=\"caa1065\" data-element_type=\"column\" data-e-type=\"column\">\n        <div class=\"elementor-widget-wrap elementor-element-populated\">\n                     \n        \t\t<div class=\"elementor-element elementor-element-ac17dd2 elementor-align-left elementor-widget elementor-widget-breadcrumbs\" data-id=\"ac17dd2\" data-element_type=\"widget\" data-e-type=\"widget\" data-widget_type=\"breadcrumbs.default\">\n\t\t\t\t<div class=\"elementor-widget-container\">\n\t\t\t\t\t<nav id=\"breadcrumbs\"><span><span><a href=\"https:\/\/abi-newsite.azurewebsites.net\/\">Home<\/a><\/span><\/span><\/nav>\t\t\t\t<\/div>\n\t\t\t\t<\/div>\n\t\t\t\t<div class=\"elementor-element elementor-element-1469184 elementor-hidden-widescreen elementor-hidden-desktop elementor-hidden-laptop elementor-hidden-tablet_extra elementor-widget elementor-widget-html\" data-id=\"1469184\" data-element_type=\"widget\" data-e-type=\"widget\" data-widget_type=\"html.default\">\n\t\t\t\t<div class=\"elementor-widget-container\">\n\t\t\t\t\t<label for=\"pageDropdown\" class=\"sr-only\">Lista informative<\/label>\n<div class=\"select-wrapper\">\n  <select id=\"pageDropdown\" onchange=\"navigateToPage()\">\n    <option value=\"\" id=\"empty\">Lista informative<\/option>\n    \n    <option value=\"\/privacy\">Privacy<\/option>\n    \n    \n    <option value=\"\/informativa-registrazione-sito\">Informativa registrazione sito<\/option>\n    \n    <option value=\"\/informativa-registrazione-newsletter\">Informativa registrazione newsletter<\/option>\n    \n    <option value=\"\/informativa-fornitori\">Informativa fornitori<\/option>\n    \n    <option value=\"\/informativa-invitati-ad-eventi\">Informativa invitati ad eventi<\/option>\n    \n    <option value=\"\/informativa-per-i-partecipanti-alle-visite\">Informativa per i partecipanti alle visite<\/option>\n    \n    <option value=\"\/informativa-privacy-abi-per-la-stipula-di-convenzioni-protocolli-dintesa\">Informativa stipula di Convenzioni\/Protocolli d\u2019intesa<\/option>\n    \n    <option value=\"\/informativa-archivio-arpa\">Informativa Archivio Arpa<\/option>\n  <\/select>\n<\/div>\n\n<script>\n  const currentPath = window.location.pathname;\n  const dropdown = document.getElementById(\"pageDropdown\");\n\n  for (let i = 0; i < dropdown.options.length; i++) {\n    if (dropdown.options[i].value === currentPath) {\n      dropdown.selectedIndex = i;\n      break;\n    }\n  }\n\n  dropdown.addEventListener(\"change\", function () {\n    const selectedUrl = this.value;\n    if (selectedUrl) {\n      window.location.href = selectedUrl;\n    }\n  });\n<\/script>\n\n<style>\n   label {\n       display: block;\n       margin-bottom: 0.5rem;\n       color: #1E5580;\n       font-weight: 600;\n       font-size: 1rem;\n     }\n\n  .sr-only {\n       position: absolute;\n       width: 1px;\n       height: 1px;\n       padding: 0;\n       margin: -1px;\n       overflow: hidden;\n       clip: rect(0, 0, 0, 0);\n       white-space: nowrap;\n       border: 0;\n     }\n\n     .select-wrapper {\n       position: relative;\n       max-width: 575px;\n     }\n\n     .select-wrapper::after {\n       content: \"\u25bc\";\n       position: absolute;\n       top: 50%;\n       right: 1rem;\n       transform: translateY(-50%);\n       pointer-events: none;\n       color: #1E5580;\n       font-size: 0.8rem;\n     }\n\n     #pageDropdown {\n       appearance: none;\n       -webkit-appearance: none;\n       -moz-appearance: none;\n       background-color: #fff;\n       border: 2px solid #1E5580;\n       border-radius: 8px;\n       padding: 0.75rem 2.5rem 0.75rem 1rem;\n       font-size: 1rem;\n       color: #1E5580;\n       font-family: 'Mulish', sans-serif;\n       max-width: 100%;\n       box-sizing: border-box;\n       cursor: pointer;\n       transition: border-color 0.3s ease, box-shadow 0.3s ease;\n     }\n\n     #pageDropdown:focus {\n       outline: none;\n       border-color: #124060;\n       box-shadow: 0 0 0 3px rgba(30, 85, 128, 0.25);\n     }\n\n     #pageDropdown option {\n       color: #1E5580;\n\n     }\n\n\n     \/**\/\n     #pageDropdown #empty {\n         background-color: #F6F8FA !important;\n     }\n<\/style>\t\t\t\t<\/div>\n\t\t\t\t<\/div>\n\t\t\t\t<div class=\"elementor-element elementor-element-1aec473 elementor-widget elementor-widget-heading\" data-id=\"1aec473\" data-element_type=\"widget\" data-e-type=\"widget\" data-widget_type=\"heading.default\">\n\t\t\t\t<div class=\"elementor-widget-container\">\n\t\t\t\t\t<h1 class=\"elementor-heading-title elementor-size-default\">Informativa per i fornitori<\/h1>\t\t\t\t<\/div>\n\t\t\t\t<\/div>\n\t\t\t\t<div class=\"elementor-element elementor-element-82ec463 elementor-widget elementor-widget-text-editor\" data-id=\"82ec463\" data-element_type=\"widget\" data-e-type=\"widget\" data-widget_type=\"text-editor.default\">\n\t\t\t\t<div class=\"elementor-widget-container\">\n\t\t\t\t\t\t\t\t\t<p>Informativa Privacy per i Fornitori, ai sensi dell\u2019art. 13 del Regolamento EU 2016\/679 del Parlamento Europeo e del Consiglio del 27 aprile 2016.<\/p>\t\t\t\t\t\t\t\t<\/div>\n\t\t\t\t<\/div>\n\t\t\t\t<div class=\"elementor-element elementor-element-847f950 elementor-widget elementor-widget-text-editor\" data-id=\"847f950\" data-element_type=\"widget\" data-e-type=\"widget\" data-widget_type=\"text-editor.default\">\n\t\t\t\t<div class=\"elementor-widget-container\">\n\t\t\t\t\t\t\t\t\t<p><a href=\"https:\/\/www.abi.it\/wp-content\/uploads\/2026\/01\/ABI_Informativa-fornitori_22.1.25.def_.pdf\" target=\"_blank\" rel=\"noopener\">INFORMATIVA (Versione stampabile \u2013 PDF)<\/a><\/p>\t\t\t\t\t\t\t\t<\/div>\n\t\t\t\t<\/div>\n\t\t\t\t<div class=\"elementor-element elementor-element-6d9d06c elementor-widget elementor-widget-text-editor\" data-id=\"6d9d06c\" data-element_type=\"widget\" data-e-type=\"widget\" data-widget_type=\"text-editor.default\">\n\t\t\t\t<div class=\"elementor-widget-container\">\n\t\t\t\t\t\t\t\t\t<p>Prima di procedere al trattamento dei Suoi dati, Le sottoponiamo l\u2019informativa privacy prevista dall\u2019Associazione Bancaria Italiana (di seguito \u201cAssociazione\u201d o \u201cABI\u201d), necessaria per la tutela dei Suoi dati, secondo quanto previsto dalla normativa. Le informazioni di seguito riportate saranno utili per comprendere:<\/p>\t\t\t\t\t\t\t\t<\/div>\n\t\t\t\t<\/div>\n\t\t\t\t<div class=\"elementor-element elementor-element-5d52081 elementor-icon-list--layout-traditional elementor-list-item-link-full_width elementor-widget elementor-widget-icon-list\" data-id=\"5d52081\" data-element_type=\"widget\" data-e-type=\"widget\" data-widget_type=\"icon-list.default\">\n\t\t\t\t<div class=\"elementor-widget-container\">\n\t\t\t\t\t\t\t<ul class=\"elementor-icon-list-items\">\n\t\t\t\t\t\t\t<li class=\"elementor-icon-list-item\">\n\t\t\t\t\t\t\t\t\t\t\t<span class=\"elementor-icon-list-icon\">\n\t\t\t\t\t\t\t<i aria-hidden=\"true\" class=\"fas fa-circle\"><\/i>\t\t\t\t\t\t<\/span>\n\t\t\t\t\t\t\t\t\t\t<span class=\"elementor-icon-list-text\">quali sono i soggetti che trattano i Suoi dati e come contattarli<\/span>\n\t\t\t\t\t\t\t\t\t<\/li>\n\t\t\t\t\t\t\t\t<li class=\"elementor-icon-list-item\">\n\t\t\t\t\t\t\t\t\t\t\t<span class=\"elementor-icon-list-icon\">\n\t\t\t\t\t\t\t<i aria-hidden=\"true\" class=\"fas fa-circle\"><\/i>\t\t\t\t\t\t<\/span>\n\t\t\t\t\t\t\t\t\t\t<span class=\"elementor-icon-list-text\">come vengono analizzati i Suoi dati e per quale motivo<\/span>\n\t\t\t\t\t\t\t\t\t<\/li>\n\t\t\t\t\t\t\t\t<li class=\"elementor-icon-list-item\">\n\t\t\t\t\t\t\t\t\t\t\t<span class=\"elementor-icon-list-icon\">\n\t\t\t\t\t\t\t<i aria-hidden=\"true\" class=\"fas fa-circle\"><\/i>\t\t\t\t\t\t<\/span>\n\t\t\t\t\t\t\t\t\t\t<span class=\"elementor-icon-list-text\">i Suoi diritti.<\/span>\n\t\t\t\t\t\t\t\t\t<\/li>\n\t\t\t\t\t\t<\/ul>\n\t\t\t\t\t\t<\/div>\n\t\t\t\t<\/div>\n\t\t\t\t<div class=\"elementor-element elementor-element-f216ed6 elementor-widget elementor-widget-heading\" data-id=\"f216ed6\" data-element_type=\"widget\" data-e-type=\"widget\" data-widget_type=\"heading.default\">\n\t\t\t\t<div class=\"elementor-widget-container\">\n\t\t\t\t\t<h2 class=\"elementor-heading-title elementor-size-default\">Contatti utili<\/h2>\t\t\t\t<\/div>\n\t\t\t\t<\/div>\n\t\t\t\t<div class=\"elementor-element elementor-element-af79db8 elementor-widget elementor-widget-text-editor\" data-id=\"af79db8\" data-element_type=\"widget\" data-e-type=\"widget\" data-widget_type=\"text-editor.default\">\n\t\t\t\t<div class=\"elementor-widget-container\">\n\t\t\t\t\t\t\t\t\t<p>L\u2019Associazione tratta i Suoi dati e, ai fini di Legge, \u00e8 considerata Titolare del trattamento. In tale veste ha la responsabilit\u00e0 di garantire l\u2019applicazione delle misure organizzative e tecniche necessarie, adeguate alla protezione dei Suoi dati.<\/p><p><br \/>La sede dell\u2019Associazione \u00e8 in Piazza del Ges\u00f9 n. 49, Roma, 00186 \u2013 Tel: +39.06.6767.1 Fax: +39.06.6767.457, mail: <a href=\"http:\/\/privacy@abi.it\" target=\"_blank\" rel=\"noopener\">privacy@abi.it<\/a>.<\/p><p><br \/>The Association avails itself of Persons specifically designated as External Data Processors or as Joint Data Processors or Autonomous Data Controllers, the list of which is available upon request by contacting the Data Protection Officer (DPO) at the contact details below.<\/p><p><br \/>L\u2019Associazione ha nominato il Responsabile alla Protezione dei Dati (DPO) che \u00e8 incaricato di garantire il rispetto delle norme per la tutela della Sua Privacy, contattabile per questioni inerenti al trattamento dei Suoi dati, all\u2019indirizzo e-mail: <a href=\"http:\/\/dpo@abi.it\" target=\"_blank\" rel=\"noopener\">dpo@abi.it<\/a>.<\/p><p>Maggiori informazioni sui suoi diritti le potr\u00e0 trovare nello spazio dedicato \u201cI Suoi diritti\u201d.<\/p>\t\t\t\t\t\t\t\t<\/div>\n\t\t\t\t<\/div>\n\t\t\t\t<div class=\"elementor-element elementor-element-2dbb0d0 elementor-widget elementor-widget-heading\" data-id=\"2dbb0d0\" data-element_type=\"widget\" data-e-type=\"widget\" data-widget_type=\"heading.default\">\n\t\t\t\t<div class=\"elementor-widget-container\">\n\t\t\t\t\t<h2 class=\"elementor-heading-title elementor-size-default\">Informazioni sul trattamento<\/h2>\t\t\t\t<\/div>\n\t\t\t\t<\/div>\n\t\t\t\t<div class=\"elementor-element elementor-element-06b1683 elementor-widget elementor-widget-text-editor\" data-id=\"06b1683\" data-element_type=\"widget\" data-e-type=\"widget\" data-widget_type=\"text-editor.default\">\n\t\t\t\t<div class=\"elementor-widget-container\">\n\t\t\t\t\t\t\t\t\t<p>Le precisiamo che tutti i dati personali che Lei ci fornir\u00e0 saranno trattati in conformit\u00e0 alla vigente normativa in materia di privacy. Pertanto, l\u2019Associazione si impegna a trattarli secondo principi di correttezza, liceit\u00e0, trasparenza, nel rispetto delle finalit\u00e0 di seguito indicate, raccogliendoli nella misura necessaria ed esatta per il trattamento, utilizzandoli avvalendosi solo di personale allo scopo autorizzato e formato e al fine di garantirLe la necessaria riservatezza delle informazioni fornite.<\/p><p><br \/>L\u2019Associazione raccoglie, consulta e, in generale, tratta esclusivamente i Suoi dati identificativi e della compagine sociale (quali ad es. nome, cognome, indirizzo e-mail, carica sociale ecc.) necessari all\u2019esecuzione delle finalit\u00e0 previste dal contratto sottoscritto con l\u2019Associazione.<\/p><p><br \/>In particolare, l\u2019Associazione tratter\u00e0 i Suoi dati per le seguenti finalit\u00e0:<\/p><p><br \/>1. consentire la gestione operativa ed economica del rapporto contrattuale;<br \/>2. svolgere, in fase di selezione e nel continuo, attivit\u00e0 di due diligence sui fornitori quali, ad esempio, ove applicabili: verifica della regolarit\u00e0 contributiva, valutazioni in ambito ESG (ambientali, sociali e di governance), verifica del rispetto delle normative di settore e degli standard internazionali di riferimento (es. sicurezza delle informazioni, qualit\u00e0, etc.);<br \/>3. far valere o difendere un diritto in sede giudiziaria, nonch\u00e9 in sede amministrativa o nelle procedure di arbitrato e di conciliazione nei casi previsti dalla normativa europea, dalle leggi, dai regolamenti, ecc.;<br \/>4. assolvere a disposizioni di legge, nonch\u00e9 di norme, codici, procedure approvati da Autorit\u00e0 e altre Istituzioni competenti.<\/p><p><br \/>Le basi giuridiche del trattamento in merito alle finalit\u00e0 sopra elencate sono: 1) dare seguito al rapporto contrattuale in essere con l\u2019Associazione; 2) interesse legittimo del Titolare del trattamento a garantire il rispetto da parte dei propri fornitori degli standard prefissati dall\u2019Associazione; 3) tutela nelle varie sedi giuridiche di un diritto dell\u2019Associazione; 4) corrispondere a un obbligo legale al quale \u00e8 soggetto il Titolare del trattamento.<\/p><p><br \/>Il trattamento dei dati su indicati \u00e8 obbligatorio per le finalit\u00e0 specificate; pertanto, il suo rifiuto render\u00e0 impossibile l\u2019instaurazione del trattamento.<\/p>\t\t\t\t\t\t\t\t<\/div>\n\t\t\t\t<\/div>\n\t\t\t\t<div class=\"elementor-element elementor-element-e76d7ab elementor-widget elementor-widget-heading\" data-id=\"e76d7ab\" data-element_type=\"widget\" data-e-type=\"widget\" data-widget_type=\"heading.default\">\n\t\t\t\t<div class=\"elementor-widget-container\">\n\t\t\t\t\t<h2 class=\"elementor-heading-title elementor-size-default\">Periodo di conservazione dei Suoi dati<\/h2>\t\t\t\t<\/div>\n\t\t\t\t<\/div>\n\t\t\t\t<div class=\"elementor-element elementor-element-327fe1a elementor-widget elementor-widget-text-editor\" data-id=\"327fe1a\" data-element_type=\"widget\" data-e-type=\"widget\" data-widget_type=\"text-editor.default\">\n\t\t\t\t<div class=\"elementor-widget-container\">\n\t\t\t\t\t\t\t\t\t<p>I Suoi dati personali saranno trattati per il tempo necessario all\u2019esecuzione delle finalit\u00e0 del trattamento sopra descritto e, in ogni caso, per un periodo di tempo necessario alle esigenze istituzionali di gestione del rapporto contrattuale con l\u2019Associazione. Oltre il termine di 10 anni dalla cessazione a qualsiasi titolo del contratto, salvo eventi sospensivi e\/o interruttivi del termine, i Suoi dati verranno cancellati.<\/p>\t\t\t\t\t\t\t\t<\/div>\n\t\t\t\t<\/div>\n\t\t\t\t<div class=\"elementor-element elementor-element-2a2d9af elementor-widget elementor-widget-heading\" data-id=\"2a2d9af\" data-element_type=\"widget\" data-e-type=\"widget\" data-widget_type=\"heading.default\">\n\t\t\t\t<div class=\"elementor-widget-container\">\n\t\t\t\t\t<h2 class=\"elementor-heading-title elementor-size-default\">Trasferimento dei suoi dati<\/h2>\t\t\t\t<\/div>\n\t\t\t\t<\/div>\n\t\t\t\t<div class=\"elementor-element elementor-element-6de31ae elementor-widget elementor-widget-text-editor\" data-id=\"6de31ae\" data-element_type=\"widget\" data-e-type=\"widget\" data-widget_type=\"text-editor.default\">\n\t\t\t\t<div class=\"elementor-widget-container\">\n\t\t\t\t\t\t\t\t\t<p>L\u2019Associazione \u2013 senza che sia necessario richiedere il suo consenso \u2013 pu\u00f2 comunicare i Suoi dati personali a soggetti meglio indicati nel seguito, quali ad esempio:<\/p><p><br \/>1. Enti controllati o ad essa collegati<br \/>2. Soggetti terzi che svolgono attivit\u00e0 di outsourcing per conto del Titolare, nella loro qualit\u00e0 di autonomi Titolari ovvero Responsabili esterni del trattamento<br \/>3. Autorit\u00e0 giudiziarie, nonch\u00e9 a quei soggetti ai quali la comunicazione sia obbligatoria per legge. Detti soggetti tratteranno i dati nella loro qualit\u00e0 di autonomi titolari del trattamento.<\/p><p><br \/>Inoltre, potranno accedere ai Suoi dati tutti i soggetti interno (dipendenti, collaboratori, ecc.) all\u2019Associazione, appositamente nominati come autorizzati al trattamento.<\/p>\t\t\t\t\t\t\t\t<\/div>\n\t\t\t\t<\/div>\n\t\t\t\t<div class=\"elementor-element elementor-element-1f23345 elementor-widget elementor-widget-heading\" data-id=\"1f23345\" data-element_type=\"widget\" data-e-type=\"widget\" data-widget_type=\"heading.default\">\n\t\t\t\t<div class=\"elementor-widget-container\">\n\t\t\t\t\t<h2 class=\"elementor-heading-title elementor-size-default\">I Suoi diritti<\/h2>\t\t\t\t<\/div>\n\t\t\t\t<\/div>\n\t\t\t\t<div class=\"elementor-element elementor-element-efa1b8f elementor-widget elementor-widget-text-editor\" data-id=\"efa1b8f\" data-element_type=\"widget\" data-e-type=\"widget\" data-widget_type=\"text-editor.default\">\n\t\t\t\t<div class=\"elementor-widget-container\">\n\t\t\t\t\t\t\t\t\t<p>Con riferimento ai Suoi dati, la normativa Le riconosce specifici diritti, ove applicabili, quali:<\/p><p><br \/>\u2022 ottenere la conferma dell\u2019esistenza o meno dei Suoi dati personali e il relativo accesso<br \/>\u2022 ottenere l\u2019aggiornamento, la rettifica o l\u2019integrazione dei Suoi dati<br \/>\u2022 richiedere la cancellazione dei Suoi dati, nei termini consentiti dalla normativa<br \/>\u2022 opporsi, in tutto o in parte, per motivi legittimi, al trattamento dei dati personali che La riguardano<br \/>\u2022 limitare il trattamento, in caso di violazione, richiesta di rettifica o opposizione<br \/>\u2022 chiedere la portabilit\u00e0 dei dati trattati elettronicamente, forniti sulla base di consenso o contratto<br \/>\u2022 revocare il consenso al trattamento dei Suoi dati, qualora previsto<br \/>\u2022 in caso di processi decisionali automatizzati, ottenere l\u2019intervento umano del Titolare per esprimere la propria opinione e di contestarne la decisione.<\/p><p><br \/>A tale scopo l\u2019Associazione Le d\u00e0 la possibilit\u00e0 di esercitare i Suoi diritti inviando un\u2019e-mail all\u2019indirizzo: <a href=\"http:\/\/dpo@abi.it\" target=\"_blank\" rel=\"noopener\">dpo@abi.it<\/a>.<\/p><p><br \/>La informiamo che l\u2019Associazione si impegna a rispondere alle Sue richieste nel termine di un mese, salvo casi di particolare complessit\u00e0, per cui potrebbe impiegare massimo 3 mesi. In ogni caso, l\u2019Associazione provveder\u00e0 a spiegarLe il motivo dell\u2019attesa entro un mese dalla Sua richiesta.<\/p><p><br \/>L\u2019esito della richiesta Le verr\u00e0 fornito per iscritto. Nel caso Lei chieda la rettifica, la cancellazione nonch\u00e9 la limitazione del trattamento, l\u2019ABI si impegna a comunicare gli esiti delle Sue richieste a ciascuno dei destinatari dei Suoi dati, salvo che ci\u00f2 risulti impossibile o implichi uno sforzo sproporzionato.<\/p><p><br \/>L\u2019Associazione specifica che potr\u00e0 rifiutare la Sua richiesta qualora risulti manifestamente infondata, eccessiva o ripetitiva.<\/p>\t\t\t\t\t\t\t\t<\/div>\n\t\t\t\t<\/div>\n\t\t\t\t<div class=\"elementor-element elementor-element-ea716b8 elementor-widget elementor-widget-text-editor\" data-id=\"ea716b8\" data-element_type=\"widget\" data-e-type=\"widget\" data-widget_type=\"text-editor.default\">\n\t\t\t\t<div class=\"elementor-widget-container\">\n\t\t\t\t\t\t\t\t\t<p>Data di aggiornamento dell\u2019informativa: 22\/01\/2026<\/p>\t\t\t\t\t\t\t\t<\/div>\n\t\t\t\t<\/div>\n\t\t            <\/div>\n        <\/section>\n        \t\t\t<\/div>\n\t\t<\/section>\n\t\t\t\t<\/div>","protected":false},"excerpt":{"rendered":"<p>Privacy Informativa registrazione sito Informativa registrazione newsletter Informativa fornitori Informativa invitati ad eventi Informativa per i partecipanti alle visite Informativa stipula Convenzioni\/Protocolli d\u2019intesa Informativa Archivio Arpa Lista informative Lista informativePrivacyInformativa registrazione sitoInformativa registrazione newsletterInformativa fornitoriInformativa invitati ad eventiInformativa per i partecipanti alle visiteInformativa stipula di Convenzioni\/Protocolli d\u2019intesaInformativa Archivio Arpa Informativa per i fornitori Informativa Privacy [&hellip;]<\/p>","protected":false},"author":7,"featured_media":0,"parent":0,"menu_order":0,"comment_status":"closed","ping_status":"closed","template":"","meta":{"_acf_changed":false,"footnotes":""},"class_list":["post-42729","page","type-page","status-publish","hentry"],"acf":[],"yoast_head":"<!-- This site is optimized with the Yoast SEO plugin v27.2 - https:\/\/yoast.com\/product\/yoast-seo-wordpress\/ -->\n<title>Informativa fornitori - ABI - Associazione Bancaria Italiana<\/title>\n<meta name=\"robots\" content=\"index, follow, max-snippet:-1, max-image-preview:large, max-video-preview:-1\" \/>\n<link rel=\"canonical\" href=\"https:\/\/abi-newsite.azurewebsites.net\/informativa-fornitori\/\" \/>\n<meta property=\"og:locale\" content=\"en_GB\" \/>\n<meta property=\"og:type\" content=\"article\" \/>\n<meta property=\"og:title\" content=\"Informativa fornitori - ABI - Associazione Bancaria Italiana\" \/>\n<meta property=\"og:description\" content=\"Privacy Informativa registrazione sito Informativa registrazione newsletter Informativa fornitori Informativa invitati ad eventi Informativa per i partecipanti alle visite Informativa stipula Convenzioni\/Protocolli d\u2019intesa Informativa Archivio Arpa Lista informative Lista informativePrivacyInformativa registrazione sitoInformativa registrazione newsletterInformativa fornitoriInformativa invitati ad eventiInformativa per i partecipanti alle visiteInformativa stipula di Convenzioni\/Protocolli d\u2019intesaInformativa Archivio Arpa Informativa per i fornitori Informativa Privacy [&hellip;]\" \/>\n<meta property=\"og:url\" content=\"https:\/\/abi-newsite.azurewebsites.net\/informativa-fornitori\/\" \/>\n<meta property=\"og:site_name\" content=\"ABI - Associazione Bancaria Italiana\" \/>\n<meta property=\"article:modified_time\" content=\"2026-04-20T08:57:45+00:00\" \/>\n<meta name=\"twitter:card\" content=\"summary_large_image\" \/>\n<meta name=\"twitter:label1\" content=\"Estimated reading time\" \/>\n\t<meta name=\"twitter:data1\" content=\"6 minutes\" \/>\n<script type=\"application\/ld+json\" class=\"yoast-schema-graph\">{\"@context\":\"https:\/\/schema.org\",\"@graph\":[{\"@type\":\"WebPage\",\"@id\":\"https:\/\/abi-newsite.azurewebsites.net\/informativa-fornitori\/\",\"url\":\"https:\/\/abi-newsite.azurewebsites.net\/informativa-fornitori\/\",\"name\":\"Informativa fornitori - ABI - Associazione Bancaria Italiana\",\"isPartOf\":{\"@id\":\"https:\/\/www.abi.it\/#website\"},\"datePublished\":\"2025-05-28T10:36:33+00:00\",\"dateModified\":\"2026-04-20T08:57:45+00:00\",\"breadcrumb\":{\"@id\":\"https:\/\/abi-newsite.azurewebsites.net\/informativa-fornitori\/#breadcrumb\"},\"inLanguage\":\"en-GB\",\"potentialAction\":[{\"@type\":\"ReadAction\",\"target\":[\"https:\/\/abi-newsite.azurewebsites.net\/informativa-fornitori\/\"]}]},{\"@type\":\"BreadcrumbList\",\"@id\":\"https:\/\/abi-newsite.azurewebsites.net\/informativa-fornitori\/#breadcrumb\",\"itemListElement\":[{\"@type\":\"ListItem\",\"position\":1,\"name\":\"Home\",\"item\":\"https:\/\/abi-newsite.azurewebsites.net\/\"},{\"@type\":\"ListItem\",\"position\":2,\"name\":\"Informativa fornitori\"}]},{\"@type\":\"WebSite\",\"@id\":\"https:\/\/www.abi.it\/#website\",\"url\":\"https:\/\/www.abi.it\/\",\"name\":\"ABI - Associazione Bancaria Italiana\",\"description\":\"\",\"potentialAction\":[{\"@type\":\"SearchAction\",\"target\":{\"@type\":\"EntryPoint\",\"urlTemplate\":\"https:\/\/www.abi.it\/?s={search_term_string}\"},\"query-input\":{\"@type\":\"PropertyValueSpecification\",\"valueRequired\":true,\"valueName\":\"search_term_string\"}}],\"inLanguage\":\"en-GB\"}]}<\/script>\n<!-- \/ Yoast SEO plugin. -->","yoast_head_json":{"title":"Informativa fornitori - ABI - Associazione Bancaria Italiana","robots":{"index":"index","follow":"follow","max-snippet":"max-snippet:-1","max-image-preview":"max-image-preview:large","max-video-preview":"max-video-preview:-1"},"canonical":"https:\/\/abi-newsite.azurewebsites.net\/informativa-fornitori\/","og_locale":"en_GB","og_type":"article","og_title":"Informativa fornitori - ABI - Associazione Bancaria Italiana","og_description":"Privacy Informativa registrazione sito Informativa registrazione newsletter Informativa fornitori Informativa invitati ad eventi Informativa per i partecipanti alle visite Informativa stipula Convenzioni\/Protocolli d\u2019intesa Informativa Archivio Arpa Lista informative Lista informativePrivacyInformativa registrazione sitoInformativa registrazione newsletterInformativa fornitoriInformativa invitati ad eventiInformativa per i partecipanti alle visiteInformativa stipula di Convenzioni\/Protocolli d\u2019intesaInformativa Archivio Arpa Informativa per i fornitori Informativa Privacy [&hellip;]","og_url":"https:\/\/abi-newsite.azurewebsites.net\/informativa-fornitori\/","og_site_name":"ABI - Associazione Bancaria Italiana","article_modified_time":"2026-04-20T08:57:45+00:00","twitter_card":"summary_large_image","twitter_misc":{"Estimated reading time":"6 minutes"},"schema":{"@context":"https:\/\/schema.org","@graph":[{"@type":"WebPage","@id":"https:\/\/abi-newsite.azurewebsites.net\/informativa-fornitori\/","url":"https:\/\/abi-newsite.azurewebsites.net\/informativa-fornitori\/","name":"Informativa fornitori - ABI - Associazione Bancaria Italiana","isPartOf":{"@id":"https:\/\/www.abi.it\/#website"},"datePublished":"2025-05-28T10:36:33+00:00","dateModified":"2026-04-20T08:57:45+00:00","breadcrumb":{"@id":"https:\/\/abi-newsite.azurewebsites.net\/informativa-fornitori\/#breadcrumb"},"inLanguage":"en-GB","potentialAction":[{"@type":"ReadAction","target":["https:\/\/abi-newsite.azurewebsites.net\/informativa-fornitori\/"]}]},{"@type":"BreadcrumbList","@id":"https:\/\/abi-newsite.azurewebsites.net\/informativa-fornitori\/#breadcrumb","itemListElement":[{"@type":"ListItem","position":1,"name":"Home","item":"https:\/\/abi-newsite.azurewebsites.net\/"},{"@type":"ListItem","position":2,"name":"Informativa fornitori"}]},{"@type":"WebSite","@id":"https:\/\/www.abi.it\/#website","url":"https:\/\/www.abi.it\/","name":"ABI - Italian Banking Association","description":"","potentialAction":[{"@type":"SearchAction","target":{"@type":"EntryPoint","urlTemplate":"https:\/\/www.abi.it\/?s={search_term_string}"},"query-input":{"@type":"PropertyValueSpecification","valueRequired":true,"valueName":"search_term_string"}}],"inLanguage":"en-GB"}]}},"_links":{"self":[{"href":"https:\/\/www.abi.it\/en\/wp-json\/wp\/v2\/pages\/42729","targetHints":{"allow":["GET"]}}],"collection":[{"href":"https:\/\/www.abi.it\/en\/wp-json\/wp\/v2\/pages"}],"about":[{"href":"https:\/\/www.abi.it\/en\/wp-json\/wp\/v2\/types\/page"}],"author":[{"embeddable":true,"href":"https:\/\/www.abi.it\/en\/wp-json\/wp\/v2\/users\/7"}],"replies":[{"embeddable":true,"href":"https:\/\/www.abi.it\/en\/wp-json\/wp\/v2\/comments?post=42729"}],"version-history":[{"count":69,"href":"https:\/\/www.abi.it\/en\/wp-json\/wp\/v2\/pages\/42729\/revisions"}],"predecessor-version":[{"id":57169,"href":"https:\/\/www.abi.it\/en\/wp-json\/wp\/v2\/pages\/42729\/revisions\/57169"}],"wp:attachment":[{"href":"https:\/\/www.abi.it\/en\/wp-json\/wp\/v2\/media?parent=42729"}],"curies":[{"name":"wp","href":"https:\/\/api.w.org\/{rel}","templated":true}]}}