{"id":60073,"date":"2026-07-23T15:27:27","date_gmt":"2026-07-23T13:27:27","guid":{"rendered":"https:\/\/abi-newsite.azurewebsites.net\/?page_id=60073"},"modified":"2026-07-30T09:40:58","modified_gmt":"2026-07-30T07:40:58","slug":"newsletter-internazionale-e-trend-geopolitici","status":"publish","type":"page","link":"https:\/\/www.abi.it\/en\/i-macro-trend\/internazionalizzazione\/geopolitica-per-il-settore\/newsletter-internazionale-e-trend-geopolitici\/","title":{"rendered":"Newsletter Internazionale e Trend Geopolitici"},"content":{"rendered":"<div data-elementor-type=\"wp-page\" data-elementor-id=\"60073\" class=\"elementor elementor-60073\" data-elementor-post-type=\"page\">\n\t\t\t\t<div class=\"elementor-element elementor-element-9bb65a7 e-con-full e-flex e-con e-parent\" data-id=\"9bb65a7\" data-element_type=\"container\" data-e-type=\"container\">\n\t\t<div class=\"elementor-element elementor-element-0691254 e-con-full e-flex e-con e-child\" data-id=\"0691254\" data-element_type=\"container\" data-e-type=\"container\">\n\t\t\t\t<div class=\"elementor-element elementor-element-6627a61 elementor-align-left elementor-widget elementor-widget-breadcrumbs\" data-id=\"6627a61\" data-element_type=\"widget\" data-e-type=\"widget\" data-widget_type=\"breadcrumbs.default\">\n\t\t\t\t<div class=\"elementor-widget-container\">\n\t\t\t\t\t<nav id=\"breadcrumbs\"><span><span><a href=\"https:\/\/abi-newsite.azurewebsites.net\/\">Home<\/a><\/span><\/span><\/nav>\t\t\t\t<\/div>\n\t\t\t\t<\/div>\n\t\t\t\t<div class=\"elementor-element elementor-element-65ff322 elementor-widget elementor-widget-heading\" data-id=\"65ff322\" data-element_type=\"widget\" data-e-type=\"widget\" data-widget_type=\"heading.default\">\n\t\t\t\t<div class=\"elementor-widget-container\">\n\t\t\t\t\t<h1 class=\"elementor-heading-title elementor-size-default\">Newsletter Internazionale e Trend Geopolitici<\/h1>\t\t\t\t<\/div>\n\t\t\t\t<\/div>\n\t\t<article class=\"elementor-element elementor-element-b3612d7 section e-con-full e-flex e-con e-child\" data-id=\"b3612d7\" data-element_type=\"container\" data-e-type=\"container\">\n\t\t\t\t<div class=\"elementor-element elementor-element-ce7b468 elementor-widget elementor-widget-pxl_text_editor\" data-id=\"ce7b468\" data-element_type=\"widget\" data-e-type=\"widget\" data-widget_type=\"pxl_text_editor.default\">\n\t\t\t\t<div class=\"elementor-widget-container\">\n\t\t\t\t\t<div class=\"pxl-text-editor\">\n\t<div class=\"pxl-item--inner\" data-wow-delay=\"ms\">\n\t\t<p>Nello scenario attuale di equilibri geopolitici fluidi e in continua evoluzione, la capacit\u00e0 di interpretare i cambiamenti e anticiparne gli effetti diventa un fattore strategico per imprese e istituzioni finanziarie.<\/p>\t\t\n\t<\/div>\n<\/div>\t\t\t\t<\/div>\n\t\t\t\t<\/div>\n\t\t\t\t<div class=\"elementor-element elementor-element-e1085a3 elementor-widget elementor-widget-pxl_text_editor\" data-id=\"e1085a3\" data-element_type=\"widget\" data-e-type=\"widget\" data-widget_type=\"pxl_text_editor.default\">\n\t\t\t\t<div class=\"elementor-widget-container\">\n\t\t\t\t\t<div class=\"pxl-text-editor\">\n\t<div class=\"pxl-item--inner\" data-wow-delay=\"ms\">\n\t\t<p class=\"xmsonormal\" style=\"margin: 0cm\">La Newsletter Internazionale e Trend Geopolitici propone un aggiornamento sugli eventi e sviluppi pi\u00f9 recenti per il settore.<\/p>\t\t\n\t<\/div>\n<\/div>\t\t\t\t<\/div>\n\t\t\t\t<\/div>\n\t\t\t\t<div class=\"elementor-element elementor-element-531425f elementor-widget elementor-widget-pxl_text_editor\" data-id=\"531425f\" data-element_type=\"widget\" data-e-type=\"widget\" data-widget_type=\"pxl_text_editor.default\">\n\t\t\t\t<div class=\"elementor-widget-container\">\n\t\t\t\t\t<div class=\"pxl-text-editor\">\n\t<div class=\"pxl-item--inner\" data-wow-delay=\"ms\">\n\t\t<p class=\"xmsonormal\" style=\"margin: 0cm\">For information: <a href=\"mailto:Internazionale@abi.it\">Internazionale@abi.it<\/a><\/p>\t\t\n\t<\/div>\n<\/div>\t\t\t\t<\/div>\n\t\t\t\t<\/div>\n\t\t\t\t<\/article>\n\t\t<div class=\"elementor-element elementor-element-0bb3ddb e-con-full e-flex e-con e-child\" data-id=\"0bb3ddb\" data-element_type=\"container\" data-e-type=\"container\">\n\t\t\t\t<div class=\"elementor-element elementor-element-810c42d elementor-widget elementor-widget-heading\" data-id=\"810c42d\" data-element_type=\"widget\" data-e-type=\"widget\" data-widget_type=\"heading.default\">\n\t\t\t\t<div class=\"elementor-widget-container\">\n\t\t\t\t\t<h2 class=\"elementor-heading-title elementor-size-default\">N.2 \u2013 Luglio 2026<\/h2>\t\t\t\t<\/div>\n\t\t\t\t<\/div>\n\t\t\t\t<div class=\"elementor-element elementor-element-cce7481 elementor-widget elementor-widget-text-editor\" data-id=\"cce7481\" data-element_type=\"widget\" data-e-type=\"widget\" data-widget_type=\"text-editor.default\">\n\t\t\t\t<div class=\"elementor-widget-container\">\n\t\t\t\t\t\t\t\t\t<p>In un contesto internazionale sempre pi\u00f9 caratterizzato da tensioni e instabilit\u00e0, dall\u2019Europa orientale al Medio Oriente, emerge un dato che appare in controtendenza: la capacit\u00e0 delle imprese italiane di mantenere un alto dinamismo nel percorso di crescita sui mercati esteri. Le incertezze geopolitiche, anzich\u00e9 frenare l\u2019export, stanno spingendo molte aziende a ripensare le proprie strategie di internazionalizzazione, diversificando destinazioni e opportunit\u00e0 commerciali.<\/p><p>Si assiste cos\u00ec a una progressiva riconfigurazione delle direttrici dell\u2019export italiano, con una crescente attenzione verso mercati che fino a pochi anni fa erano considerati marginali o complementari. Il Sud-Est asiatico, l\u2019India, i Paesi del Medio Oriente e diverse economie africane stanno rafforzando il proprio ruolo di poli attrattivi per le produzioni Made in Italy, grazie ad una domanda sempre pi\u00f9 orientata verso qualit\u00e0, innovazione e competenze distintive.<\/p>\t\t\t\t\t\t\t\t<\/div>\n\t\t\t\t<\/div>\n\t\t\t\t<div class=\"elementor-element elementor-element-8ba551b elementor-widget elementor-widget-heading\" data-id=\"8ba551b\" data-element_type=\"widget\" data-e-type=\"widget\" data-widget_type=\"heading.default\">\n\t\t\t\t<div class=\"elementor-widget-container\">\n\t\t\t\t\t<h3 class=\"elementor-heading-title elementor-size-default\">Le News<\/h3>\t\t\t\t<\/div>\n\t\t\t\t<\/div>\n\t\t<div class=\"elementor-element elementor-element-fb9fa9c e-con-full e-flex e-con e-child\" data-id=\"fb9fa9c\" data-element_type=\"container\" data-e-type=\"container\">\n\t\t<div class=\"elementor-element elementor-element-e28d71f e-con-full e-flex e-con e-child\" data-id=\"e28d71f\" data-element_type=\"container\" data-e-type=\"container\">\n\t\t\t\t<div class=\"elementor-element elementor-element-add45a4 elementor-widget elementor-widget-image\" data-id=\"add45a4\" data-element_type=\"widget\" data-e-type=\"widget\" data-widget_type=\"image.default\">\n\t\t\t\t<div class=\"elementor-widget-container\">\n\t\t\t\t\t\t\t\t\t\t\t\t\t\t\t<img decoding=\"async\" width=\"73\" height=\"65\" src=\"\/wp-content\/uploads\/2026\/07\/Luiss.png\" class=\"attachment-large size-large wp-image-60103\" alt=\"\" srcset=\"\/wp-content\/uploads\/2026\/07\/Luiss.png 73w, \/wp-content\/uploads\/2026\/07\/Luiss-13x12.png 13w\" sizes=\"(max-width: 73px) 100vw, 73px\" \/>\t\t\t\t\t\t\t\t\t\t\t\t\t\t\t<\/div>\n\t\t\t\t<\/div>\n\t\t\t\t<div class=\"elementor-element elementor-element-485310b elementor-widget elementor-widget-heading\" data-id=\"485310b\" data-element_type=\"widget\" data-e-type=\"widget\" data-widget_type=\"heading.default\">\n\t\t\t\t<div class=\"elementor-widget-container\">\n\t\t\t\t\t<h4 class=\"elementor-heading-title elementor-size-default\">Diplomatic and Security Forum - Il Mediterraneo Strategico<\/h4>\t\t\t\t<\/div>\n\t\t\t\t<\/div>\n\t\t\t\t<div class=\"elementor-element elementor-element-239e112 elementor-widget elementor-widget-text-editor\" data-id=\"239e112\" data-element_type=\"widget\" data-e-type=\"widget\" data-widget_type=\"text-editor.default\">\n\t\t\t\t<div class=\"elementor-widget-container\">\n\t\t\t\t\t\t\t\t\t<p><em>Roma, 11 giugno 2026<\/em><\/p>\t\t\t\t\t\t\t\t<\/div>\n\t\t\t\t<\/div>\n\t\t\t\t<\/div>\n\t\t<div class=\"elementor-element elementor-element-f3a1e06 e-con-full e-flex e-con e-child\" data-id=\"f3a1e06\" data-element_type=\"container\" data-e-type=\"container\">\n\t\t\t\t<div class=\"elementor-element elementor-element-e8cf24c elementor-widget elementor-widget-text-editor\" data-id=\"e8cf24c\" data-element_type=\"widget\" data-e-type=\"widget\" data-widget_type=\"text-editor.default\">\n\t\t\t\t<div class=\"elementor-widget-container\">\n\t\t\t\t\t\t\t\t\t<p>\u00a0The <strong><em>Diplomatic Security Forum 2026<\/em><\/strong> del Center for International and Strategic Studies (CISS) della LUISS ha posto al centro del dibattito il ruolo strategico del Mediterraneo per il futuro dell&#8217;Italia e dell&#8217;Europa. Dalla conferenza \u00e8 emersa una visione condivisa: <strong>il Mediterraneo<\/strong> non pu\u00f2 pi\u00f9 essere considerato soltanto uno spazio geografico, ma <strong>un&#8217;infrastruttura geopolitica nella quale convergono sicurezza energetica, commercio, connettivit\u00e0 digitale, difesa, sviluppo economico <\/strong>e <strong>relazioni<\/strong> <strong>with<\/strong> the <strong>continente africano<\/strong>.<\/p><p>Tra i temi dominanti dell&#8217;incontro vi \u00e8 stata la crescente centralit\u00e0 del Piano Mattei, indicato dal <strong>Ministro degli Affari Esteri Antonio Tajani<\/strong> come il principale strumento della politica estera italiana verso l&#8217;Africa. In questa prospettiva, l&#8217;Italia ambisce a diventare il principale ponte politico ed economico tra Europa e Africa, valorizzando la propria reputazione internazionale e la capacit\u00e0 di dialogo maturata in numerose aree di crisi.<\/p><p>La conclusione condivisa dai relatori \u00e8 chiara: <strong>il futuro dell&#8217;Italia passa dal Mediterraneo<\/strong>. Investire in sicurezza, infrastrutture, innovazione e partenariati con l&#8217;Africa non rappresenta soltanto una scelta di politica estera, ma una condizione essenziale per garantire crescita, resilienza e competitivit\u00e0 al Sistema Paese nei prossimi decenni.<\/p>\t\t\t\t\t\t\t\t<\/div>\n\t\t\t\t<\/div>\n\t\t\t\t<\/div>\n\t\t\t\t<\/div>\n\t\t<div class=\"elementor-element elementor-element-fdf3bf0 e-con-full e-flex e-con e-child\" data-id=\"fdf3bf0\" data-element_type=\"container\" data-e-type=\"container\">\n\t\t<div class=\"elementor-element elementor-element-aa01c96 e-con-full e-flex e-con e-child\" data-id=\"aa01c96\" data-element_type=\"container\" data-e-type=\"container\">\n\t\t\t\t<div class=\"elementor-element elementor-element-3487cb7 elementor-widget elementor-widget-image\" data-id=\"3487cb7\" data-element_type=\"widget\" data-e-type=\"widget\" data-widget_type=\"image.default\">\n\t\t\t\t<div class=\"elementor-widget-container\">\n\t\t\t\t\t\t\t\t\t\t\t\t\t\t\t<img decoding=\"async\" width=\"241\" height=\"138\" src=\"\/wp-content\/uploads\/2026\/07\/export.jpg\" class=\"attachment-large size-large wp-image-60104\" alt=\"\" srcset=\"\/wp-content\/uploads\/2026\/07\/export.jpg 241w, \/wp-content\/uploads\/2026\/07\/export-18x10.jpg 18w\" sizes=\"(max-width: 241px) 100vw, 241px\" \/>\t\t\t\t\t\t\t\t\t\t\t\t\t\t\t<\/div>\n\t\t\t\t<\/div>\n\t\t\t\t<div class=\"elementor-element elementor-element-3e0d056 elementor-widget elementor-widget-heading\" data-id=\"3e0d056\" data-element_type=\"widget\" data-e-type=\"widget\" data-widget_type=\"heading.default\">\n\t\t\t\t<div class=\"elementor-widget-container\">\n\t\t\t\t\t<h4 class=\"elementor-heading-title elementor-size-default\">Obiettivo Export \u2013 Imprese e Territorio del Sud Italia. Verso la Conferenza Nazionale dell\u2019Export 2026<\/h4>\t\t\t\t<\/div>\n\t\t\t\t<\/div>\n\t\t\t\t<div class=\"elementor-element elementor-element-427dff2 elementor-widget elementor-widget-text-editor\" data-id=\"427dff2\" data-element_type=\"widget\" data-e-type=\"widget\" data-widget_type=\"text-editor.default\">\n\t\t\t\t<div class=\"elementor-widget-container\">\n\t\t\t\t\t\t\t\t\t<p class=\"Indirizzo\"><i><span style=\"font-size: 9.0pt;\">Bari, 16 giugno 2026<b><\/b><\/span><\/i><\/p>\t\t\t\t\t\t\t\t<\/div>\n\t\t\t\t<\/div>\n\t\t\t\t<\/div>\n\t\t<div class=\"elementor-element elementor-element-d8d2c1d e-con-full e-flex e-con e-child\" data-id=\"d8d2c1d\" data-element_type=\"container\" data-e-type=\"container\">\n\t\t\t\t<div class=\"elementor-element elementor-element-46a98e6 elementor-widget elementor-widget-text-editor\" data-id=\"46a98e6\" data-element_type=\"widget\" data-e-type=\"widget\" data-widget_type=\"text-editor.default\">\n\t\t\t\t<div class=\"elementor-widget-container\">\n\t\t\t\t\t\t\t\t\t<p>La seconda tappa di <strong>\u201cObiettivo Export\u201d,<\/strong> ospitata a Bari il 16 giugno, ha enfatizzato un messaggio in particolare: il Mediterraneo e il Mezzogiorno rappresentano asset strategici per la crescita economica e la proiezione internazionale dell\u2019Italia.<\/p><p>Bari si conferma porta naturale verso i mercati mediterranei e nodo logistico destinato ad acquisire ulteriore centralit\u00e0 grazie a progetti infrastrutturali come il corridoio IMEC, che collegher\u00e0 India ed Europa attraverso il Medio Oriente.<\/p><p>Nel corso dell\u2019incontro \u00e8 stato ribadito <strong>l\u2019obiettivo di portare l\u2019export italiano a 700 miliardi di euro entro il 2027,<\/strong> puntando sulla diversificazione dei mercati \u2013 dall\u2019Asia all\u2019America Latina, dall\u2019India all\u2019Africa \u2013 e sul rafforzamento della competitivit\u00e0 delle imprese attraverso migliori infrastrutture, minori costi energetici, accesso al credito e sostegno all\u2019innovazione.<\/p><p>Centrale anche il ruolo del \u201cSistema Paese\u201d, con il coordinamento tra MAECI, ICE, SACE, SIMEST, CDP e sistema camerale per accompagnare le imprese nei percorsi di internazionalizzazione.<\/p><p>In tale contesto, <strong>la sicurezza delle rotte commerciali resta un presupposto fondamentale<\/strong>: circa il 40% del commercio marittimo italiano transita infatti attraverso il Canale di Suez e il Mar Rosso, aree presidiate dalla Marina Militare nell\u2019ambito della missione Aspides.<\/p><p>Un\u2019attenzione particolare \u00e8 stata infine dedicata al Mezzogiorno, considerato una leva strategica per la crescita del Paese grazie alla valorizzazione di startup, ricerca, imprenditorialit\u00e0 giovanile e investimenti produttivi orientati ai mercati internazionali.<\/p>\t\t\t\t\t\t\t\t<\/div>\n\t\t\t\t<\/div>\n\t\t\t\t<\/div>\n\t\t\t\t<\/div>\n\t\t<div class=\"elementor-element elementor-element-bdd4555 e-con-full e-flex e-con e-child\" data-id=\"bdd4555\" data-element_type=\"container\" data-e-type=\"container\">\n\t\t<div class=\"elementor-element elementor-element-b7d845d e-con-full e-flex e-con e-child\" data-id=\"b7d845d\" data-element_type=\"container\" data-e-type=\"container\">\n\t\t\t\t<div class=\"elementor-element elementor-element-ad43fe1 elementor-widget elementor-widget-image\" data-id=\"ad43fe1\" data-element_type=\"widget\" data-e-type=\"widget\" data-widget_type=\"image.default\">\n\t\t\t\t<div class=\"elementor-widget-container\">\n\t\t\t\t\t\t\t\t\t\t\t\t\t\t\t<img decoding=\"async\" width=\"193\" height=\"28\" src=\"\/wp-content\/uploads\/2026\/07\/Forum.png\" class=\"attachment-large size-large wp-image-60105\" alt=\"\" srcset=\"\/wp-content\/uploads\/2026\/07\/Forum.png 193w, \/wp-content\/uploads\/2026\/07\/Forum-18x3.png 18w\" sizes=\"(max-width: 193px) 100vw, 193px\" \/>\t\t\t\t\t\t\t\t\t\t\t\t\t\t\t<\/div>\n\t\t\t\t<\/div>\n\t\t\t\t<div class=\"elementor-element elementor-element-e4d1c7d elementor-widget elementor-widget-heading\" data-id=\"e4d1c7d\" data-element_type=\"widget\" data-e-type=\"widget\" data-widget_type=\"heading.default\">\n\t\t\t\t<div class=\"elementor-widget-container\">\n\t\t\t\t\t<h4 class=\"elementor-heading-title elementor-size-default\">Forum Economico Parlamentare della PAM: un ponte tra istituzioni e mercati<\/h4>\t\t\t\t<\/div>\n\t\t\t\t<\/div>\n\t\t\t\t<div class=\"elementor-element elementor-element-484d199 elementor-widget elementor-widget-text-editor\" data-id=\"484d199\" data-element_type=\"widget\" data-e-type=\"widget\" data-widget_type=\"text-editor.default\">\n\t\t\t\t<div class=\"elementor-widget-container\">\n\t\t\t\t\t\t\t\t\t<p><em>Marrakesh, 19-20 giugno 2026<\/em><\/p>\t\t\t\t\t\t\t\t<\/div>\n\t\t\t\t<\/div>\n\t\t\t\t<\/div>\n\t\t<div class=\"elementor-element elementor-element-09123f5 e-con-full e-flex e-con e-child\" data-id=\"09123f5\" data-element_type=\"container\" data-e-type=\"container\">\n\t\t\t\t<div class=\"elementor-element elementor-element-04d6c40 elementor-widget elementor-widget-text-editor\" data-id=\"04d6c40\" data-element_type=\"widget\" data-e-type=\"widget\" data-widget_type=\"text-editor.default\">\n\t\t\t\t<div class=\"elementor-widget-container\">\n\t\t\t\t\t\t\t\t\t<p>Il Forum economico organizzato dall\u2019Assemblea Parlamentare del Mediterraneo ha evidenziato un forte consenso sulla necessit\u00e0 di rafforzare la cooperazione euro-mediterranea e africana come risposta alle profonde trasformazioni geopolitiche, economiche e tecnologiche in atto.<\/p><p>I relatori hanno <strong>evidenziato la centralit\u00e0 strategica del Mediterraneo quale spazio di dialogo, integrazione economica e connessione tra Europa, Africa e mondo arabo<\/strong>, riconoscendo al Marocco un ruolo crescente come hub regionale e piattaforma di cooperazione tra i diversi quadranti geografici.<\/p><p>\u00c8 stata inoltre sottolineata l&#8217;importanza di affrontare in modo coordinato le sfide legate alla sostenibilit\u00e0, all&#8217;innovazione tecnologica e ai cambiamenti degli equilibri economici globali, valorizzando il contributo congiunto di istituzioni, parlamenti e settore privato.<\/p><p>Particolare attenzione \u00e8 stata dedicata al ruolo della diplomazia parlamentare quale strumento per favorire stabilit\u00e0, dialogo e sviluppo condiviso.<\/p><p>I panel dedicati ai rappresentanti istituzionali e del settore privato hanno evidenziato come la frammentazione geopolitica sta diventando il principale ostacolo all&#8217;integrazione economica globale. Gli investitori continuano a disporre di capitale, ma richiedono stabilit\u00e0, prevedibilit\u00e0 e credibilit\u00e0 delle istituzioni.<\/p><p>Le infrastrutture fisiche e digitali sono il fattore decisivo per attrarre investimenti e sostenere il commercio mentre &#8216;intelligenza artificiale e il commercio digitale rappresentano una grande opportunit\u00e0, ma rischiano di ampliare le disparit\u00e0 esistenti.<\/p><p>E\u2019 stato infine evidenziato come Il futuro del commercio internazionale sar\u00e0 probabilmente caratterizzato da una combinazione di multilateralismo (WTO) e accordi regionali\/plurilaterali.<\/p>\t\t\t\t\t\t\t\t<\/div>\n\t\t\t\t<\/div>\n\t\t\t\t<\/div>\n\t\t\t\t<\/div>\n\t\t<div class=\"elementor-element elementor-element-9641fde e-con-full e-flex e-con e-child\" data-id=\"9641fde\" data-element_type=\"container\" data-e-type=\"container\">\n\t\t<div class=\"elementor-element elementor-element-c99ecb2 e-con-full e-flex e-con e-child\" data-id=\"c99ecb2\" data-element_type=\"container\" data-e-type=\"container\">\n\t\t\t\t<div class=\"elementor-element elementor-element-08eadb9 elementor-widget elementor-widget-heading\" data-id=\"08eadb9\" data-element_type=\"widget\" data-e-type=\"widget\" data-widget_type=\"heading.default\">\n\t\t\t\t<div class=\"elementor-widget-container\">\n\t\t\t\t\t<h4 class=\"elementor-heading-title elementor-size-default\">MIMT \u2013 MAECI\n\nCabina di Regia per l\u2019Internazionalizzazione<\/h4>\t\t\t\t<\/div>\n\t\t\t\t<\/div>\n\t\t\t\t<div class=\"elementor-element elementor-element-b6bd0ee elementor-widget elementor-widget-text-editor\" data-id=\"b6bd0ee\" data-element_type=\"widget\" data-e-type=\"widget\" data-widget_type=\"text-editor.default\">\n\t\t\t\t<div class=\"elementor-widget-container\">\n\t\t\t\t\t\t\t\t\t<p><em>Marrakesh, 19-20 giugno 2026<\/em><\/p>\t\t\t\t\t\t\t\t<\/div>\n\t\t\t\t<\/div>\n\t\t\t\t<\/div>\n\t\t<div class=\"elementor-element elementor-element-805709c e-con-full e-flex e-con e-child\" data-id=\"805709c\" data-element_type=\"container\" data-e-type=\"container\">\n\t\t\t\t<div class=\"elementor-element elementor-element-53ce00e elementor-widget elementor-widget-text-editor\" data-id=\"53ce00e\" data-element_type=\"widget\" data-e-type=\"widget\" data-widget_type=\"text-editor.default\">\n\t\t\t\t<div class=\"elementor-widget-container\">\n\t\t\t\t\t\t\t\t\t<p>Nel corso della riunione <strong>della Cabina di Regia per l&#8217;Internazionalizzazione<\/strong> (organo strategico italiano che coordina le politiche a sostegno dell&#8217;export e dell&#8217;attrazione degli investimenti) promossa da MIMIT MAECI, \u00e8 emersa una lettura condivisa dello scenario economico internazionale, caratterizzato da una crescita globale ancora positiva ma sempre pi\u00f9 condizionata dalle tensioni geopolitiche, dall&#8217;instabilit\u00e0 delle catene di approvvigionamento e dagli effetti della crisi energetica legata al Medio Oriente.<\/p><p>In questo contesto, l&#8217;export continua a rappresentare uno dei principali motori dell&#8217;economia italiana sostenuto dalla forza dei settori manifatturieri ad alto valore aggiunto, dalla farmaceutica alla meccanica, dall&#8217;agroalimentare alle tecnologie avanzate.<\/p><p>\u00c8 stato ribadito l&#8217;obiettivo <strong>di puntare sulla diversificazione geografica dei mercati <\/strong>e sulle opportunit\u00e0 offerte dai nuovi accordi commerciali dell&#8217;Unione Europea con aree strategiche come Mercosur, India, Indonesia, Australia e Messico.<\/p><p><strong>Un tema centrale <\/strong>dell&#8217;incontro \u00e8 stato quello della<strong> sicurezza economica e della resilienza delle filiere produttive, con particolare attenzione alle materie prime critiche<\/strong>, considerate oggi un fattore determinante per la competitivit\u00e0 industriale, la transizione energetica e lo sviluppo tecnologico.<\/p><p><strong>Per rafforzare l&#8217;autonomia strategica del Paese, l&#8217;Italia sta sviluppando strumenti dedicati al monitoraggio delle catene di fornitura, al riciclo delle materie prime strategiche e alla diversificazione degli approvvigionamenti,<\/strong> anche attraverso il Fondo Nazionale del Made in Italy e una pi\u00f9 stretta collaborazione con partner internazionali. La sicurezza degli approvvigionamenti, la competitivit\u00e0 delle imprese e l&#8217;espansione dell&#8217;export sono state quindi confermate come componenti di un&#8217;unica strategia volta a rafforzare la presenza dell&#8217;Italia nei mercati globali in un contesto internazionale sempre pi\u00f9 complesso e competitivo.<\/p>\t\t\t\t\t\t\t\t<\/div>\n\t\t\t\t<\/div>\n\t\t\t\t<\/div>\n\t\t\t\t<\/div>\n\t\t<div class=\"elementor-element elementor-element-10a1608 e-con-full e-flex e-con e-child\" data-id=\"10a1608\" data-element_type=\"container\" data-e-type=\"container\">\n\t\t<div class=\"elementor-element elementor-element-31dbfd4 e-con-full e-flex e-con e-child\" data-id=\"31dbfd4\" data-element_type=\"container\" data-e-type=\"container\">\n\t\t\t\t<div class=\"elementor-element elementor-element-e0637c8 elementor-widget elementor-widget-image\" data-id=\"e0637c8\" data-element_type=\"widget\" data-e-type=\"widget\" data-widget_type=\"image.default\">\n\t\t\t\t<div class=\"elementor-widget-container\">\n\t\t\t\t\t\t\t\t\t\t\t\t\t\t\t<img loading=\"lazy\" decoding=\"async\" width=\"97\" height=\"36\" src=\"\/wp-content\/uploads\/2026\/07\/srm.png\" class=\"attachment-large size-large wp-image-60109\" alt=\"\" srcset=\"\/wp-content\/uploads\/2026\/07\/srm.png 97w, \/wp-content\/uploads\/2026\/07\/srm-18x7.png 18w\" sizes=\"(max-width: 97px) 100vw, 97px\" \/>\t\t\t\t\t\t\t\t\t\t\t\t\t\t\t<\/div>\n\t\t\t\t<\/div>\n\t\t\t\t<div class=\"elementor-element elementor-element-4d82fd5 elementor-widget elementor-widget-heading\" data-id=\"4d82fd5\" data-element_type=\"widget\" data-e-type=\"widget\" data-widget_type=\"heading.default\">\n\t\t\t\t<div class=\"elementor-widget-container\">\n\t\t\t\t\t<h4 class=\"elementor-heading-title elementor-size-default\">Italian Shipping Conference<\/h4>\t\t\t\t<\/div>\n\t\t\t\t<\/div>\n\t\t\t\t<div class=\"elementor-element elementor-element-ae221f4 elementor-widget elementor-widget-text-editor\" data-id=\"ae221f4\" data-element_type=\"widget\" data-e-type=\"widget\" data-widget_type=\"text-editor.default\">\n\t\t\t\t<div class=\"elementor-widget-container\">\n\t\t\t\t\t\t\t\t\t<p><em>Napoli, 10 luglio 2026<\/em><\/p>\t\t\t\t\t\t\t\t<\/div>\n\t\t\t\t<\/div>\n\t\t\t\t<\/div>\n\t\t<div class=\"elementor-element elementor-element-0deec3b e-con-full e-flex e-con e-child\" data-id=\"0deec3b\" data-element_type=\"container\" data-e-type=\"container\">\n\t\t\t\t<div class=\"elementor-element elementor-element-fb17d98 elementor-widget elementor-widget-text-editor\" data-id=\"fb17d98\" data-element_type=\"widget\" data-e-type=\"widget\" data-widget_type=\"text-editor.default\">\n\t\t\t\t<div class=\"elementor-widget-container\">\n\t\t\t\t\t\t\t\t\t<p>L'<strong>Italian Shipping Conference<\/strong>, tenutasi a Napoli il 10 luglio, ha confermato come il mare sia ormai un tema centrale non solo per l\u2019economia, ma anche per la sicurezza e la geopolitica. Nel corso dei lavori \u00e8 emerso che <strong>il Mediterraneo sta progressivamente trasformandosi da semplice area di transito a vero hub di produzione di valore<\/strong>, grazie alla crescita dei traffici, alla centralit\u00e0 delle catene logistiche e allo sviluppo delle infrastrutture energetiche e digitali.<\/p><p>In un contesto internazionale segnato da tensioni geopolitiche, competizione tecnologica e crescente vulnerabilit\u00e0 dei principali <em>choke points<\/em> marittimi, \u00e8 stato <strong>evidenziato il ruolo strategico dell\u2019Italia, favorita dalla propria posizione geografica e dalla vocazione marittima del Mezzogiorno, destinato a rafforzare la propria funzione di piattaforma logistica euro-mediterranea<\/strong>.<\/p><p>Particolare attenzione \u00e8 stata dedicata alla trasformazione delle catene globali del valore, sempre pi\u00f9 orientate verso forme di regionalizzazione e alla necessit\u00e0 di sviluppare un\u2019autonomia strategica europea capace di coniugare competitivit\u00e0, innovazione e controllo delle infrastrutture critiche. \u00c8 stato inoltre sottolineato come <strong>i porti italiani debbano evolvere da semplici nodi di trasporto a piattaforme integrate per energia offshore, cavi sottomarini, dati e attivit\u00e0 <em>underwater<\/em><\/strong>, settori destinati a crescere rapidamente nei prossimi anni.<\/p><p>Sul fronte della sicurezza, la <strong>Marina Militare<\/strong> ha richiamato l\u2019attenzione sulla tutela delle infrastrutture sottomarine strategiche, dai gasdotti ai cavi per le telecomunicazioni, evidenziando l\u2019importanza dell\u2019<strong>operazione \u201cFondali Sicuri\u201d<\/strong> e della cooperazione tra istituzioni pubbliche, alleati e operatori privati. <strong>\u00c8 emersa infine una convergenza sull\u2019esigenza di preservare la libert\u00e0 di navigazione e di rafforzare la resilienza delle reti commerciali globali attraverso investimenti, innovazione tecnologica e una sempre maggiore collaborazione internazionale. <\/strong>In questo scenario, il Mediterraneo e l\u2019economia del mare si confermano leve decisive per la competitivit\u00e0, la sicurezza e la crescita del Sistema Paese.<\/p>\t\t\t\t\t\t\t\t<\/div>\n\t\t\t\t<\/div>\n\t\t\t\t<\/div>\n\t\t\t\t<\/div>\n\t\t\t\t<div class=\"elementor-element elementor-element-dde26ee elementor-widget elementor-widget-heading\" data-id=\"dde26ee\" data-element_type=\"widget\" data-e-type=\"widget\" data-widget_type=\"heading.default\">\n\t\t\t\t<div class=\"elementor-widget-container\">\n\t\t\t\t\t<h3 class=\"elementor-heading-title elementor-size-default\">I prossimi appuntamenti<\/h3>\t\t\t\t<\/div>\n\t\t\t\t<\/div>\n\t\t<div class=\"elementor-element elementor-element-b849f87 e-con-full e-flex e-con e-child\" data-id=\"b849f87\" data-element_type=\"container\" data-e-type=\"container\">\n\t\t<div class=\"elementor-element elementor-element-c6aec12 e-con-full e-flex e-con e-child\" data-id=\"c6aec12\" data-element_type=\"container\" data-e-type=\"container\">\n\t\t\t\t<div class=\"elementor-element elementor-element-663ac97 elementor-widget elementor-widget-image\" data-id=\"663ac97\" data-element_type=\"widget\" data-e-type=\"widget\" data-widget_type=\"image.default\">\n\t\t\t\t<div class=\"elementor-widget-container\">\n\t\t\t\t\t\t\t\t\t\t\t\t\t\t\t<img loading=\"lazy\" decoding=\"async\" width=\"185\" height=\"62\" src=\"\/wp-content\/uploads\/2026\/07\/Senza-titolo-23-luglio-2026-alle-ore-11.51.29.png\" class=\"attachment-large size-large wp-image-60121\" alt=\"\" srcset=\"\/wp-content\/uploads\/2026\/07\/Senza-titolo-23-luglio-2026-alle-ore-11.51.29.png 185w, \/wp-content\/uploads\/2026\/07\/Senza-titolo-23-luglio-2026-alle-ore-11.51.29-18x6.png 18w\" sizes=\"(max-width: 185px) 100vw, 185px\" \/>\t\t\t\t\t\t\t\t\t\t\t\t\t\t\t<\/div>\n\t\t\t\t<\/div>\n\t\t\t\t<div class=\"elementor-element elementor-element-4961e66 elementor-widget elementor-widget-heading\" data-id=\"4961e66\" data-element_type=\"widget\" data-e-type=\"widget\" data-widget_type=\"heading.default\">\n\t\t\t\t<div class=\"elementor-widget-container\">\n\t\t\t\t\t<h4 class=\"elementor-heading-title elementor-size-default\">Missione di sistema \nArgentina \u2013 Brasile<\/h4>\t\t\t\t<\/div>\n\t\t\t\t<\/div>\n\t\t\t\t<div class=\"elementor-element elementor-element-ab67780 elementor-widget elementor-widget-text-editor\" data-id=\"ab67780\" data-element_type=\"widget\" data-e-type=\"widget\" data-widget_type=\"text-editor.default\">\n\t\t\t\t<div class=\"elementor-widget-container\">\n\t\t\t\t\t\t\t\t\t<p><strong><em>Buenos Aires, Brasilia, San Paolo <\/em><\/strong><em>7-11 settembre 2026<\/em><\/p>\t\t\t\t\t\t\t\t<\/div>\n\t\t\t\t<\/div>\n\t\t\t\t<\/div>\n\t\t<div class=\"elementor-element elementor-element-a5509a0 e-con-full e-flex e-con e-child\" data-id=\"a5509a0\" data-element_type=\"container\" data-e-type=\"container\">\n\t\t\t\t<div class=\"elementor-element elementor-element-208330d elementor-widget elementor-widget-text-editor\" data-id=\"208330d\" data-element_type=\"widget\" data-e-type=\"widget\" data-widget_type=\"text-editor.default\">\n\t\t\t\t<div class=\"elementor-widget-container\">\n\t\t\t\t\t\t\t\t\t<p>ABI parteciper\u00e0 alla <strong>Missione di Sistema in Argentina e Brasile<\/strong>, promossa da Confindustria e prevista dal <strong>7 all\u201911 settembre 2026<\/strong>. L\u2019invito rivolto dal Presidente di Confindustria conferma il ruolo del settore bancario quale componente essenziale del Sistema Paese nei percorsi di internazionalizzazione delle imprese italiane.<\/p><p>La missione rappresenter\u00e0 un&#8217;importante occasione per consolidare le relazioni economiche e istituzionali tra l\u2019Italia e i due principali Paesi dell\u2019America Latina, entrambi membri del <strong>Mercosur<\/strong>, area di crescente interesse strategico per le imprese italiane. In un contesto caratterizzato da una crescente attenzione alla diversificazione dei mercati di sbocco, Argentina e Brasile offrono rilevanti opportunit\u00e0 di collaborazione industriale, commerciale e finanziaria.<\/p><p>La partecipazione di ABI sar\u00e0 finalizzata a valorizzare la presenza internazionale del sistema bancario italiano e a rafforzare il dialogo con le istituzioni e gli operatori economici locali, favorendo lo sviluppo di nuove opportunit\u00e0 di cooperazione a supporto delle imprese. L\u2019iniziativa si inserisce nel pi\u00f9 ampio percorso di diplomazia economica che vede banche, imprese e istituzioni operare congiuntamente per sostenere la competitivit\u00e0 del Made in Italy sui mercati internazionali.<\/p>\t\t\t\t\t\t\t\t<\/div>\n\t\t\t\t<\/div>\n\t\t\t\t<\/div>\n\t\t\t\t<\/div>\n\t\t<div class=\"elementor-element elementor-element-432937d e-con-full e-flex e-con e-child\" data-id=\"432937d\" data-element_type=\"container\" data-e-type=\"container\">\n\t\t<div class=\"elementor-element elementor-element-c877588 e-con-full e-flex e-con e-child\" data-id=\"c877588\" data-element_type=\"container\" data-e-type=\"container\">\n\t\t\t\t<div class=\"elementor-element elementor-element-8de8741 elementor-widget elementor-widget-heading\" data-id=\"8de8741\" data-element_type=\"widget\" data-e-type=\"widget\" data-widget_type=\"heading.default\">\n\t\t\t\t<div class=\"elementor-widget-container\">\n\t\t\t\t\t<h4 class=\"elementor-heading-title elementor-size-default\">OBIETTIVO EXPORT: \nImprese e territori centro Italia<\/h4>\t\t\t\t<\/div>\n\t\t\t\t<\/div>\n\t\t\t\t<div class=\"elementor-element elementor-element-b391b93 elementor-widget elementor-widget-text-editor\" data-id=\"b391b93\" data-element_type=\"widget\" data-e-type=\"widget\" data-widget_type=\"text-editor.default\">\n\t\t\t\t<div class=\"elementor-widget-container\">\n\t\t\t\t\t\t\t\t\t<p class=\"Dettaglicontatto\"><i><span style=\"font-size: 9.0pt;\">Roma, 5 ottobre 2026<\/span><\/i><\/p>\t\t\t\t\t\t\t\t<\/div>\n\t\t\t\t<\/div>\n\t\t\t\t<\/div>\n\t\t<div class=\"elementor-element elementor-element-2de35d3 e-con-full e-flex e-con e-child\" data-id=\"2de35d3\" data-element_type=\"container\" data-e-type=\"container\">\n\t\t\t\t<div class=\"elementor-element elementor-element-7fd6186 elementor-widget elementor-widget-text-editor\" data-id=\"7fd6186\" data-element_type=\"widget\" data-e-type=\"widget\" data-widget_type=\"text-editor.default\">\n\t\t\t\t<div class=\"elementor-widget-container\">\n\t\t\t\t\t\t\t\t\t<p>Il prossimo <strong>5 ottobre a Roma<\/strong> si terr\u00e0 il terzo appuntamento del ciclo <strong>\u201cObiettivo Export\u201d<\/strong>, l\u2019iniziativa promossa dal Ministro degli Affari Esteri e della Cooperazione Internazionale e realizzata in collaborazione con <strong>ICE Agenzia, CDP, SACE e SIMEST<\/strong> per rafforzare il dialogo con il tessuto produttivo nazionale e sostenere i processi di internazionalizzazione delle imprese italiane.<\/p><p>L\u2019evento sar\u00e0 dedicato alle aziende delle regioni del <strong>Centro Italia<\/strong> \u2014 <strong>Emilia-Romagna, Toscana, Umbria, Marche, Abruzzo e Lazio<\/strong> \u2014 e rappresenter\u00e0 un&#8217;importante occasione di confronto diretto con la rete del Sistema Paese a supporto dell\u2019export.<\/p>\t\t\t\t\t\t\t\t<\/div>\n\t\t\t\t<\/div>\n\t\t\t\t<\/div>\n\t\t\t\t<\/div>\n\t\t\t\t<\/div>\n\t\t<div class=\"elementor-element elementor-element-eb995d0 e-con-full e-flex e-con e-child\" data-id=\"eb995d0\" data-element_type=\"container\" data-e-type=\"container\">\n\t\t\t\t<div class=\"elementor-element elementor-element-6eca0ee elementor-widget elementor-widget-heading\" data-id=\"6eca0ee\" data-element_type=\"widget\" data-e-type=\"widget\" data-widget_type=\"heading.default\">\n\t\t\t\t<div class=\"elementor-widget-container\">\n\t\t\t\t\t<h2 class=\"elementor-heading-title elementor-size-default\">Archive<\/h2>\t\t\t\t<\/div>\n\t\t\t\t<\/div>\n\t\t\t\t<div class=\"elementor-element elementor-element-089659d elementor-widget elementor-widget-n-accordion\" data-id=\"089659d\" data-element_type=\"widget\" data-e-type=\"widget\" data-settings=\"{&quot;default_state&quot;:&quot;all_collapsed&quot;,&quot;max_items_expended&quot;:&quot;one&quot;,&quot;n_accordion_animation_duration&quot;:{&quot;unit&quot;:&quot;ms&quot;,&quot;size&quot;:400,&quot;sizes&quot;:[]}}\" data-widget_type=\"nested-accordion.default\">\n\t\t\t\t<div class=\"elementor-widget-container\">\n\t\t\t\t\t\t\t<div class=\"e-n-accordion\" aria-label=\"Accordion. Open links with Enter or Space, close with Escape, and navigate with Arrow Keys\">\n\t\t\t\t\t\t<details id=\"e-n-accordion-item-9000\" class=\"e-n-accordion-item\" >\n\t\t\t\t<summary class=\"e-n-accordion-item-title\" data-accordion-index=\"1\" tabindex=\"0\" aria-expanded=\"false\" aria-controls=\"e-n-accordion-item-9000\" >\n\t\t\t\t\t<span class='e-n-accordion-item-title-header'><div class=\"e-n-accordion-item-title-text\"> 2026 <\/div><\/span>\n\t\t\t\t\t\t\t<span class='e-n-accordion-item-title-icon'>\n\t\t\t<span class='e-opened' ><i aria-hidden=\"true\" class=\"fas fa-minus\"><\/i><\/span>\n\t\t\t<span class='e-closed'><i aria-hidden=\"true\" class=\"fas fa-plus\"><\/i><\/span>\n\t\t<\/span>\n\n\t\t\t\t\t\t<\/summary>\n\t\t\t\t<div role=\"region\" aria-labelledby=\"e-n-accordion-item-9000\" class=\"elementor-element elementor-element-462fdcf e-flex e-con-boxed e-con e-child\" data-id=\"462fdcf\" data-element_type=\"container\" data-e-type=\"container\">\n\t\t\t\t\t<div class=\"e-con-inner\">\n\t\t\t\t<div class=\"elementor-element elementor-element-5974552 elementor-widget elementor-widget-shortcode\" data-id=\"5974552\" data-element_type=\"widget\" data-e-type=\"widget\" data-widget_type=\"shortcode.default\">\n\t\t\t\t<div class=\"elementor-widget-container\">\n\t\t\t\t\t\t\t<div class=\"elementor-shortcode\"><div class='w3eden'>\n    <div class=''>\n\n        \n        <div id=\"content_wpdm_package_1\">\n            <div class='row'><div class='col-lg-12 col-md-6 col-12'><!-- WPDM Link Template: Call to Action 3 -->\n<div class=\"well c2a3\">\n        <div class=\"media\">\n          <div class=\"mr-3\" align=\"left\">\n            <!-- <a\n              href=\"https:\/\/www.abi.it\/en\/download\/internazionale-e-trend-geopolitici-n-2-luglio-2026\/?wpdmdl=60257&refresh=6a96e1a68b4771788273062\"\n              role=\"button\"\n              aria-label=\"download file\"\n              aria-hidden=\"true\"\n            > -->\n              <svg\n                width=\"56\"\n                height=\"67\"\n                viewbox=\"0 0 56 67\"\n                fill=\"none\"\n                xmlns=\"http:\/\/www.w3.org\/2000\/svg\"\n              >\n                <circle\n                  cx=\"27.5772\"\n                  cy=\"33.4703\"\n                  r=\"19\"\n                  transform=\"rotate(-45 27.5772 33.4703)\"\n                  fill=\"white\"\n                  stroke=\"#1E5580\"\n                \/>\n                <mask\n                  id=\"mask0_3240_9322\"\n                  style=\"mask-type: alpha\"\n                  maskunits=\"userSpaceOnUse\"\n                  x=\"15\"\n                  y=\"21\"\n                  width=\"25\"\n                  height=\"25\"\n                >\n                  <rect\n                    x=\"15.7393\"\n                    y=\"21.3075\"\n                    width=\"24\"\n                    height=\"24\"\n                    fill=\"#D9D9D9\"\n                  \/>\n                <\/mask>\n                <g mask=\"url(#mask0_3240_9322)\">\n                  <path\n                    d=\"M27.7393 36.8845L24.2008 33.346L24.9085 32.6267L27.2393 34.9575V26.3075H28.2393V34.9575L30.57 32.6267L31.2778 33.346L27.7393 36.8845ZM22.3548 40.3075C21.8944 40.3075 21.5101 40.1533 21.2018 39.845C20.8934 39.5367 20.7393 39.1523 20.7393 38.692V36.269H21.7393V38.692C21.7393 38.846 21.8033 38.9871 21.9315 39.1152C22.0597 39.2434 22.2008 39.3075 22.3548 39.3075H33.1238C33.2778 39.3075 33.4188 39.2434 33.547 39.1152C33.6752 38.9871 33.7393 38.846 33.7393 38.692V36.269H34.7393V38.692C34.7393 39.1523 34.5851 39.5367 34.2768 39.845C33.9684 40.1533 33.5841 40.3075 33.1238 40.3075H22.3548Z\"\n                    fill=\"#1E5580\"\n                  \/>\n                <\/g>\n              <\/svg>\n            <!-- <\/a> -->\n          <\/div>\n          <div class=\"media-body\">\n            <p\n              class=\"media-heading\"\n              style=\"                padding-top: 0px;                border: 0px;                margin: 0 0 5px 0;                font-size: 12pt;              \"\n            >\n              <a style=\"font-weight: 700\" href=\"https:\/\/www.abi.it\/en\/download\/internazionale-e-trend-geopolitici-n-2-luglio-2026\/?wpdmdl=60257&refresh=6a96e1a68b4771788273062\">INTERNAZIONALE E TREND GEOPOLITICI, n.2 Luglio 2026<\/a>\n            <\/p>\n            \n              \n            <div class=\"counters\">\n                <span\n                    style=\"font-size: 14px !important; font-weight: 400;\"\n                    class=\"text-muted ml-4\"\n                > <p>INTERNAZIONALE E TREND GEOPOLITICI, n.2 Luglio 2026<\/p>\n\n                <\/span>\n              <span\n                style=\"font-size: 13px !important; font-weight: 300\"\n                class=\"text-muted ml-4\"\n              > 30 July 2026\n              <\/span>\n            <\/div>\n \n            <!--INTERNAZIONALE E TREND GEOPOLITICI, n.2 Luglio 2026\n...-->\n          <\/div>\n          <!--\n    <div class=\"ml-3\" align=\"right\">\n                <a class='wpdm-download-link download-on-click btn btn-primary ' rel='nofollow' href='#' data-downloadurl=\"https:\/\/www.abi.it\/en\/download\/internazionale-e-trend-geopolitici-n-2-luglio-2026\/?wpdmdl=60257&refresh=6a96e1a68b4771788273062\">Download<\/a>\n    <\/div>\n            -->\n        <\/div>\n      <\/div>\n \n      <style>\n        .well.c2a3 {\n          font-family: 'Mulish' !important;\n          background-color: white !important;\n          height: auto !important;\n          margin-bottom: 0px !important;\n        }\n        \n        .well.c2a3 .btn {\n          padding: 11px 30px;\n          font-size: 11pt;\n        }\n        \n        .text-muted.ml-4 p {\n            margin-bottom: 0px !important;\n        }\n \n        .well.c2a3 .media-body {\n          font-size: 11pt;\n          \/*To take the full width on mobile screen*\/\n          min-width: 300px;\n        }\n \n        .well.c2a3 .wpdm_icon {\n          height: 42px;\n          width: auto;\n        }\n        .media {\n          display: flex;\n          align-items: center !important;\n        }\n        .media-heading a {\n          color: #074973 !important;\n        }\n        .counters {\n          display: flex;\n          flex-direction: column !important;\n          justify-content: flex-start !important;\n        }\n        .text-muted.ml-4 {\n          margin-left: 0px !important;\n          margin-bottom: 5px !important;\n        }\n      <\/style>\n\n<!--\n<div class=\"well c2a3\">\n    <div class=\"media\">\n        <div class=\"mr-3\" align=\"left\">\n            <img decoding=\"async\" class=\"wpdm_icon\" alt=\"Icon\" src=\"\/wp-content\/plugins\/download-manager\/assets\/file-type-icons\/pdf.svg\" \/>\n        <\/div>\n        <div class=\"media-body\">\n            <h3 class=\"media-heading\" style=\"padding-top: 0px;border:0px;margin: 0 0 5px 0;font-size:12pt;\">\n                <a style=\"font-weight: 700\" href=\"https:\/\/www.abi.it\/en\/download\/internazionale-e-trend-geopolitici-n-2-luglio-2026\/\">INTERNAZIONALE E TREND GEOPOLITICI, n.2 Luglio 2026<\/a>\n                <span style=\"font-size:8pt;font-weight:300\" class=\"text-muted ml-4\">\n                    <i class=\"fas fa-hdd mr-1\"><\/i> 311.70 KB\n                    <i class=\"ml-3 far fa-arrow-alt-circle-down mr-1\"><\/i> 166 downloads\n                <\/span>\n            <\/h3>\n            INTERNAZIONALE E TREND GEOPOLITICI, n.2 Luglio 2026\n...\n        <\/div>\n        <div class=\"ml-3\" align=\"right\">\n            <a class='wpdm-download-link download-on-click btn btn-primary ' rel='nofollow' href='#' data-downloadurl=\"https:\/\/www.abi.it\/en\/download\/internazionale-e-trend-geopolitici-n-2-luglio-2026\/?wpdmdl=60257&refresh=6a96e1a68b4771788273062\">Download<\/a>\n        <\/div>\n    <\/div>\n\n<\/div>\n-->\n<!--\n<style>\n    .well.c2a3 .btn {\n        padding: 11px 30px;\n        font-size: 11pt;\n    }\n\n    .well.c2a3 .media-body {\n        font-size: 11pt;\n    }\n\n    .well.c2a3 .wpdm_icon {\n        height: 42px;\n        width: auto;\n    }<\/style>\n--><\/div><div class='col-lg-12 col-md-6 col-12'><!-- WPDM Link Template: Call to Action 3 -->\n<div class=\"well c2a3\">\n        <div class=\"media\">\n          <div class=\"mr-3\" align=\"left\">\n            <!-- <a\n              href=\"https:\/\/www.abi.it\/en\/download\/internazionale-e-trend-geopolitici-n-1-maggio-2026\/?wpdmdl=58817&refresh=6a96e1a68f1171788273062\"\n              role=\"button\"\n              aria-label=\"download file\"\n              aria-hidden=\"true\"\n            > -->\n              <svg\n                width=\"56\"\n                height=\"67\"\n                viewbox=\"0 0 56 67\"\n                fill=\"none\"\n                xmlns=\"http:\/\/www.w3.org\/2000\/svg\"\n              >\n                <circle\n                  cx=\"27.5772\"\n                  cy=\"33.4703\"\n                  r=\"19\"\n                  transform=\"rotate(-45 27.5772 33.4703)\"\n                  fill=\"white\"\n                  stroke=\"#1E5580\"\n                \/>\n                <mask\n                  id=\"mask0_3240_9322\"\n                  style=\"mask-type: alpha\"\n                  maskunits=\"userSpaceOnUse\"\n                  x=\"15\"\n                  y=\"21\"\n                  width=\"25\"\n                  height=\"25\"\n                >\n                  <rect\n                    x=\"15.7393\"\n                    y=\"21.3075\"\n                    width=\"24\"\n                    height=\"24\"\n                    fill=\"#D9D9D9\"\n                  \/>\n                <\/mask>\n                <g mask=\"url(#mask0_3240_9322)\">\n                  <path\n                    d=\"M27.7393 36.8845L24.2008 33.346L24.9085 32.6267L27.2393 34.9575V26.3075H28.2393V34.9575L30.57 32.6267L31.2778 33.346L27.7393 36.8845ZM22.3548 40.3075C21.8944 40.3075 21.5101 40.1533 21.2018 39.845C20.8934 39.5367 20.7393 39.1523 20.7393 38.692V36.269H21.7393V38.692C21.7393 38.846 21.8033 38.9871 21.9315 39.1152C22.0597 39.2434 22.2008 39.3075 22.3548 39.3075H33.1238C33.2778 39.3075 33.4188 39.2434 33.547 39.1152C33.6752 38.9871 33.7393 38.846 33.7393 38.692V36.269H34.7393V38.692C34.7393 39.1523 34.5851 39.5367 34.2768 39.845C33.9684 40.1533 33.5841 40.3075 33.1238 40.3075H22.3548Z\"\n                    fill=\"#1E5580\"\n                  \/>\n                <\/g>\n              <\/svg>\n            <!-- <\/a> -->\n          <\/div>\n          <div class=\"media-body\">\n            <p\n              class=\"media-heading\"\n              style=\"                padding-top: 0px;                border: 0px;                margin: 0 0 5px 0;                font-size: 12pt;              \"\n            >\n              <a style=\"font-weight: 700\" href=\"https:\/\/www.abi.it\/en\/download\/internazionale-e-trend-geopolitici-n-1-maggio-2026\/?wpdmdl=58817&refresh=6a96e1a68f1171788273062\">INTERNAZIONALE E TREND GEOPOLITICI, n.1 Maggio 2026<\/a>\n            <\/p>\n            \n              \n            <div class=\"counters\">\n                <span\n                    style=\"font-size: 14px !important; font-weight: 400;\"\n                    class=\"text-muted ml-4\"\n                > \n                <\/span>\n              <span\n                style=\"font-size: 13px !important; font-weight: 300\"\n                class=\"text-muted ml-4\"\n              > 4 June 2026\n              <\/span>\n            <\/div>\n \n            <!--...-->\n          <\/div>\n          <!--\n    <div class=\"ml-3\" align=\"right\">\n                <a class='wpdm-download-link download-on-click btn btn-primary ' rel='nofollow' href='#' data-downloadurl=\"https:\/\/www.abi.it\/en\/download\/internazionale-e-trend-geopolitici-n-1-maggio-2026\/?wpdmdl=58817&refresh=6a96e1a68f1171788273062\">Download<\/a>\n    <\/div>\n            -->\n        <\/div>\n      <\/div>\n \n      <style>\n        .well.c2a3 {\n          font-family: 'Mulish' !important;\n          background-color: white !important;\n          height: auto !important;\n          margin-bottom: 0px !important;\n        }\n        \n        .well.c2a3 .btn {\n          padding: 11px 30px;\n          font-size: 11pt;\n        }\n        \n        .text-muted.ml-4 p {\n            margin-bottom: 0px !important;\n        }\n \n        .well.c2a3 .media-body {\n          font-size: 11pt;\n          \/*To take the full width on mobile screen*\/\n          min-width: 300px;\n        }\n \n        .well.c2a3 .wpdm_icon {\n          height: 42px;\n          width: auto;\n        }\n        .media {\n          display: flex;\n          align-items: center !important;\n        }\n        .media-heading a {\n          color: #074973 !important;\n        }\n        .counters {\n          display: flex;\n          flex-direction: column !important;\n          justify-content: flex-start !important;\n        }\n        .text-muted.ml-4 {\n          margin-left: 0px !important;\n          margin-bottom: 5px !important;\n        }\n      <\/style>\n\n<!--\n<div class=\"well c2a3\">\n    <div class=\"media\">\n        <div class=\"mr-3\" align=\"left\">\n            <img decoding=\"async\" class=\"wpdm_icon\" alt=\"Icon\" src=\"\/wp-content\/plugins\/download-manager\/assets\/file-type-icons\/pdf.svg\" \/>\n        <\/div>\n        <div class=\"media-body\">\n            <h3 class=\"media-heading\" style=\"padding-top: 0px;border:0px;margin: 0 0 5px 0;font-size:12pt;\">\n                <a style=\"font-weight: 700\" href=\"https:\/\/www.abi.it\/en\/download\/internazionale-e-trend-geopolitici-n-1-maggio-2026\/\">INTERNAZIONALE E TREND GEOPOLITICI, n.1 Maggio 2026<\/a>\n                <span style=\"font-size:8pt;font-weight:300\" class=\"text-muted ml-4\">\n                    <i class=\"fas fa-hdd mr-1\"><\/i> 311.70 KB\n                    <i class=\"ml-3 far fa-arrow-alt-circle-down mr-1\"><\/i> 193 downloads\n                <\/span>\n            <\/h3>\n            ...\n        <\/div>\n        <div class=\"ml-3\" align=\"right\">\n            <a class='wpdm-download-link download-on-click btn btn-primary ' rel='nofollow' href='#' data-downloadurl=\"https:\/\/www.abi.it\/en\/download\/internazionale-e-trend-geopolitici-n-1-maggio-2026\/?wpdmdl=58817&refresh=6a96e1a68f1171788273062\">Download<\/a>\n        <\/div>\n    <\/div>\n\n<\/div>\n-->\n<!--\n<style>\n    .well.c2a3 .btn {\n        padding: 11px 30px;\n        font-size: 11pt;\n    }\n\n    .well.c2a3 .media-body {\n        font-size: 11pt;\n    }\n\n    .well.c2a3 .wpdm_icon {\n        height: 42px;\n        width: auto;\n    }<\/style>\n--><\/div><\/div>            <div style='clear:both'><\/div><div class='text-center'><ul class='pagination wpdm-pagination pagination-centered text-center'><\/ul><\/div><div style='clear:both'><\/div>        <\/div>\n\n        <div style='clear:both'><\/div>\n    <\/div>\n<\/div>\n\n<\/div>\n\t\t\t\t\t\t<\/div>\n\t\t\t\t<\/div>\n\t\t\t\t\t<\/div>\n\t\t\t\t<\/div>\n\t\t\t\t\t<\/details>\n\t\t\t\t\t<\/div>\n\t\t\t\t\t\t<\/div>\n\t\t\t\t<\/div>\n\t\t\t\t<\/div>\n\t\t<section class=\"elementor-element elementor-element-78a0e04 e-con-full e-flex e-con e-child\" data-id=\"78a0e04\" data-element_type=\"container\" data-e-type=\"container\" data-settings=\"{&quot;background_background&quot;:&quot;classic&quot;}\">\n\t\t<div class=\"elementor-element elementor-element-1a8b004 e-con-full e-flex e-con e-child\" data-id=\"1a8b004\" data-element_type=\"container\" data-e-type=\"container\" data-settings=\"{&quot;background_background&quot;:&quot;classic&quot;}\">\n\t\t\t\t<div class=\"elementor-element elementor-element-e544447 elementor-widget elementor-widget-text-editor\" data-id=\"e544447\" data-element_type=\"widget\" data-e-type=\"widget\" data-widget_type=\"text-editor.default\">\n\t\t\t\t<div class=\"elementor-widget-container\">\n\t\t\t\t\t\t\t\t\t<p><strong>ABI ATLAS<\/strong><\/p>\t\t\t\t\t\t\t\t<\/div>\n\t\t\t\t<\/div>\n\t\t<div class=\"elementor-element elementor-element-753f517 e-con-full e-flex e-con e-child\" data-id=\"753f517\" data-element_type=\"container\" data-e-type=\"container\" data-settings=\"{&quot;background_background&quot;:&quot;classic&quot;}\">\n\t\t<div class=\"elementor-element elementor-element-4f58240 e-con-full e-flex e-con e-child\" data-id=\"4f58240\" data-element_type=\"container\" data-e-type=\"container\">\n\t\t\t\t<div class=\"elementor-element elementor-element-8e65046 elementor-widget elementor-widget-image\" data-id=\"8e65046\" data-element_type=\"widget\" data-e-type=\"widget\" data-widget_type=\"image.default\">\n\t\t\t\t<div class=\"elementor-widget-container\">\n\t\t\t\t\t\t\t\t\t\t\t\t\t\t\t<img loading=\"lazy\" decoding=\"async\" width=\"300\" height=\"100\" src=\"\/wp-content\/uploads\/2026\/07\/Senza-titolo-23-luglio-2026-alle-ore-11.51.29-2.png\" class=\"attachment-large size-large wp-image-60125\" alt=\"\" srcset=\"\/wp-content\/uploads\/2026\/07\/Senza-titolo-23-luglio-2026-alle-ore-11.51.29-2.png 300w, \/wp-content\/uploads\/2026\/07\/Senza-titolo-23-luglio-2026-alle-ore-11.51.29-2-18x6.png 18w\" sizes=\"(max-width: 300px) 100vw, 300px\" \/>\t\t\t\t\t\t\t\t\t\t\t\t\t\t\t<\/div>\n\t\t\t\t<\/div>\n\t\t\t\t<\/div>\n\t\t<div class=\"elementor-element elementor-element-2c76e94 e-con-full e-flex e-con e-child\" data-id=\"2c76e94\" data-element_type=\"container\" data-e-type=\"container\">\n\t\t\t\t<div class=\"elementor-element elementor-element-c72446d elementor-widget elementor-widget-text-editor\" data-id=\"c72446d\" data-element_type=\"widget\" data-e-type=\"widget\" data-widget_type=\"text-editor.default\">\n\t\t\t\t<div class=\"elementor-widget-container\">\n\t\t\t\t\t\t\t\t\t<p><style>\na {\n    text-decoration: none;\n    color: #464feb;\n}\ntr th, tr td {\n    border: 1px solid #e6e6e6;\n}\ntr th {\n    background-color: #f5f5f5;\n}\n<\/style><\/p><div>In uno scenario internazionale segnato da crescente complessit\u00e0 e instabilit\u00e0, ABI ha dato vita ad ATLAS per rafforzare la capacit\u00e0 di banche, imprese e operatori economici di interpretare i cambiamenti geopolitici e valutarne le possibili ricadute. Un centro di competenza permanente che mette a sistema analisi e conoscenze sui temi della geopolitica, dell\u2019economia internazionale e dell\u2019internazionalizzazione.<\/div>\t\t\t\t\t\t\t\t<\/div>\n\t\t\t\t<\/div>\n\t\t\t\t<div class=\"elementor-element elementor-element-fc6a04b elementor-mobile_extra-align-center elementor-align-right elementor-widget elementor-widget-button\" data-id=\"fc6a04b\" data-element_type=\"widget\" data-e-type=\"widget\" data-widget_type=\"button.default\">\n\t\t\t\t<div class=\"elementor-widget-container\">\n\t\t\t\t\t\t\t\t\t<div class=\"elementor-button-wrapper\">\n\t\t\t\t\t<a class=\"elementor-button elementor-button-link elementor-size-sm\" href=\"http:\/\/www.abiatlas.com\">\n\t\t\t\t\t\t<span class=\"elementor-button-content-wrapper\">\n\t\t\t\t\t\t\t\t\t<span class=\"elementor-button-text\">Scopri ABI ATLAS<\/span>\n\t\t\t\t\t<\/span>\n\t\t\t\t\t<\/a>\n\t\t\t\t<\/div>\n\t\t\t\t\t\t\t\t<\/div>\n\t\t\t\t<\/div>\n\t\t\t\t<\/div>\n\t\t\t\t<\/div>\n\t\t\t\t<\/div>\n\t\t\t\t<\/section>\n\t\t<div class=\"elementor-element elementor-element-de98dea e-con-full e-flex e-con e-child\" data-id=\"de98dea\" data-element_type=\"container\" data-e-type=\"container\">\n\t\t<header class=\"elementor-element elementor-element-84c2ffd e-con-full e-flex e-con e-child\" data-id=\"84c2ffd\" data-element_type=\"container\" data-e-type=\"container\">\n\t\t\t\t<div class=\"elementor-element elementor-element-562c53c elementor-widget__width-auto elementor-widget elementor-widget-pxl_heading\" data-id=\"562c53c\" data-element_type=\"widget\" data-e-type=\"widget\" data-widget_type=\"pxl_heading.default\">\n\t\t\t\t<div class=\"elementor-widget-container\">\n\t\t\t\t\t\n<div id=\"pxl-pxl_heading-562c53c-1567\" class=\"pxl-heading\" >\n\t<div class=\"pxl-heading--container\" >\n\t\t<div class=\"pxl-heading--inner\">\n\t\t\t\t\t\t\t\t\t<h2 class=\"pxl-item--title pxl-heading-default1\" data-wow-delay=\"\">\n\t\t\t\tRelated articles\t\t\t\t\t\n\t\t\t\t\t\t\t<\/h2>\n\t\t<\/div>\n\t\t\n\t<\/div>\n<\/div>\n\t\t\t\t<\/div>\n\t\t\t\t<\/div>\n\t\t\t\t<div class=\"elementor-element elementor-element-7543cf8 elementor-mobile_extra-align-center elementor-hidden-mobile_extra elementor-hidden-mobile elementor-widget elementor-widget-button\" data-id=\"7543cf8\" data-element_type=\"widget\" data-e-type=\"widget\" data-widget_type=\"button.default\">\n\t\t\t\t<div class=\"elementor-widget-container\">\n\t\t\t\t\t\t\t\t\t<div class=\"elementor-button-wrapper\">\n\t\t\t\t\t<a class=\"elementor-button elementor-button-link elementor-size-sm\" href=\"\/en\/media\/\">\n\t\t\t\t\t\t<span class=\"elementor-button-content-wrapper\">\n\t\t\t\t\t\t\t\t\t<span class=\"elementor-button-text\">Go to media<\/span>\n\t\t\t\t\t<\/span>\n\t\t\t\t\t<\/a>\n\t\t\t\t<\/div>\n\t\t\t\t\t\t\t\t<\/div>\n\t\t\t\t<\/div>\n\t\t\t\t<\/header>\n\t\t\t\t<div class=\"elementor-element elementor-element-7dbfb91 elementor-grid-3 elementor-grid-tablet-2 elementor-grid-mobile-1 elementor-widget elementor-widget-loop-grid\" data-id=\"7dbfb91\" data-element_type=\"widget\" data-e-type=\"widget\" data-settings=\"{&quot;template_id&quot;:&quot;37200&quot;,&quot;row_gap_laptop&quot;:{&quot;unit&quot;:&quot;px&quot;,&quot;size&quot;:24,&quot;sizes&quot;:[]},&quot;row_gap_tablet_extra&quot;:{&quot;unit&quot;:&quot;px&quot;,&quot;size&quot;:24,&quot;sizes&quot;:[]},&quot;row_gap_tablet&quot;:{&quot;unit&quot;:&quot;px&quot;,&quot;size&quot;:50,&quot;sizes&quot;:[]},&quot;row_gap_mobile_extra&quot;:{&quot;unit&quot;:&quot;px&quot;,&quot;size&quot;:40,&quot;sizes&quot;:[]},&quot;_skin&quot;:&quot;post&quot;,&quot;columns&quot;:&quot;3&quot;,&quot;columns_tablet&quot;:&quot;2&quot;,&quot;columns_mobile&quot;:&quot;1&quot;,&quot;edit_handle_selector&quot;:&quot;[data-elementor-type=\\&quot;loop-item\\&quot;]&quot;,&quot;row_gap&quot;:{&quot;unit&quot;:&quot;px&quot;,&quot;size&quot;:&quot;&quot;,&quot;sizes&quot;:[]},&quot;row_gap_widescreen&quot;:{&quot;unit&quot;:&quot;px&quot;,&quot;size&quot;:&quot;&quot;,&quot;sizes&quot;:[]},&quot;row_gap_mobile&quot;:{&quot;unit&quot;:&quot;px&quot;,&quot;size&quot;:&quot;&quot;,&quot;sizes&quot;:[]}}\" data-widget_type=\"loop-grid.post\">\n\t\t\t\t<div class=\"elementor-widget-container\">\n\t\t\t\t\t\t\t<div class=\"elementor-loop-container elementor-grid\" role=\"list\">\n\t\t<style id=\"loop-37200\">.elementor-37200 .elementor-element.elementor-element-19560b54{--display:flex;--flex-direction:column;--container-widget-width:100%;--container-widget-height:initial;--container-widget-flex-grow:0;--container-widget-align-self:initial;--flex-wrap-mobile:wrap;--gap:16px 0px;--row-gap:16px;--column-gap:0px;--border-radius:8px 8px 8px 8px;--margin-top:0px;--margin-bottom:0px;--margin-left:0px;--margin-right:0px;--padding-top:0px;--padding-bottom:0px;--padding-left:0px;--padding-right:0px;}.elementor-37200 .elementor-element.elementor-element-d17f34b{--display:flex;--gap:0px 0px;--row-gap:0px;--column-gap:0px;--overflow:hidden;--border-radius:8px 8px 8px 8px;--margin-top:0px;--margin-bottom:0px;--margin-left:0px;--margin-right:0px;--padding-top:0px;--padding-bottom:0px;--padding-left:0px;--padding-right:0px;}.elementor-widget-theme-post-featured-image .widget-image-caption{color:var( --e-global-color-text );font-family:var( --e-global-typography-text-font-family ), Sans-serif;font-weight:var( --e-global-typography-text-font-weight );}.elementor-37200 .elementor-element.elementor-element-537940aa img{width:100%;height:230px;object-fit:cover;object-position:center center;transition-duration:0.5s;border-radius:8px 8px 8px 8px;}.elementor-37200 .elementor-element.elementor-element-537940aa > .elementor-widget-container{margin:0px 0px 0px 0px;padding:0px 0px 0px 0px;}.elementor-widget-text-editor{font-family:var( --e-global-typography-text-font-family ), Sans-serif;font-weight:var( --e-global-typography-text-font-weight );color:var( --e-global-color-text );}.elementor-widget-text-editor.elementor-drop-cap-view-stacked .elementor-drop-cap{background-color:var( --e-global-color-primary );}.elementor-widget-text-editor.elementor-drop-cap-view-framed .elementor-drop-cap, .elementor-widget-text-editor.elementor-drop-cap-view-default .elementor-drop-cap{color:var( --e-global-color-primary );border-color:var( --e-global-color-primary );}.elementor-37200 .elementor-element.elementor-element-7da45b17{font-family:\"Mulish\", Sans-serif;font-size:15px;font-weight:800;text-transform:none;color:#1E5580;}.elementor-37200 .elementor-element.elementor-element-7da45b17 > .elementor-widget-container{margin:0px 0px 0px 0px;padding:0px 0px 0px 0px;}.elementor-widget-heading .elementor-heading-title{font-family:var( --e-global-typography-primary-font-family ), Sans-serif;font-weight:var( --e-global-typography-primary-font-weight );color:var( --e-global-color-primary );}.elementor-37200 .elementor-element.elementor-element-1a15adde .elementor-heading-title{font-family:\"Mulish\", Sans-serif;font-size:20px;font-weight:700;line-height:24px;color:#20282D;}.elementor-37200 .elementor-element.elementor-element-1a15adde > .elementor-widget-container{margin:0px 0px 0px 0px;padding:0px 0px 0px 0px;border-style:none;}.elementor-37200 .elementor-element.elementor-element-1a15adde.elementor-element{--align-self:flex-start;}.elementor-37200 .elementor-element.elementor-element-1a15adde:hover .elementor-widget-container{border-style:none;}.elementor-37200 .elementor-element.elementor-element-4abbef61{font-family:\"Mulish\", Sans-serif;font-size:18px;font-weight:400;text-transform:none;line-height:26px;color:#20282D;width:var( --container-widget-width, 98% );max-width:98%;--container-widget-width:98%;--container-widget-flex-grow:0;}.elementor-37200 .elementor-element.elementor-element-4abbef61 > .elementor-widget-container{margin:0px 0px 0px 0px;padding:0px 0px 0px 0px;}.elementor-widget-button .elementor-button{font-family:var( --e-global-typography-accent-font-family ), Sans-serif;font-weight:var( --e-global-typography-accent-font-weight );background-color:var( --e-global-color-accent );}.elementor-37200 .elementor-element.elementor-element-3929afd5 .elementor-button{font-family:\"Mulish\", Sans-serif;font-size:16px;font-weight:700;text-transform:none;fill:#1E5580;color:#1E5580;background-color:#1E558000;border-radius:0px 0px 0px 0px;padding:0px 0px 0px 0px;}.elementor-37200 .elementor-element.elementor-element-3929afd5 > .elementor-widget-container{margin:0px 0px 0px 0px;padding:0px 0px 0px 0px;}.elementor-37200 .elementor-element.elementor-element-3929afd5.elementor-element{--align-self:flex-start;}\/* Start custom CSS for theme-post-featured-image, class: .elementor-element-537940aa *\/.elementor-37200 .elementor-element.elementor-element-537940aa img {\n  width: 100%;\n  height: 230px; \n  object-fit: cover;\n}\/* End custom CSS *\/\n\/* Start custom CSS for text-editor, class: .elementor-element-7da45b17 *\/.elementor-37200 .elementor-element.elementor-element-7da45b17 a {\n    color: #1E5580;\n}\n\n.elementor-37200 .elementor-element.elementor-element-7da45b17 a:hover {\n  text-decoration: underline;\n  text-decoration-color: #1E5580;\n  text-underline-offset: 4.5px;\n  transition: text-decoration-color 0.5s ease;\n}\/* End custom CSS *\/\n\/* Start custom CSS for heading, class: .elementor-element-1a15adde *\/.elementor-37200 .elementor-element.elementor-element-1a15adde {\n  text-decoration: none;\n  position: relative;\n  \/*cursor: pointer;*\/\n}\n\n\/*.elementor-37200 .elementor-element.elementor-element-1a15adde:hover {*\/\n\/*  text-decoration: underline;*\/\n\/*  text-decoration-color: #20282D;*\/\n\/*  text-underline-offset: 4.5px;*\/\n\/*  transition: text-decoration-color 0.5s ease;*\/\n\/*}*\/\/* End custom CSS *\/\n\/* Start custom CSS for button, class: .elementor-element-3929afd5 *\/.elementor-37200 .elementor-element.elementor-element-3929afd5 {\n  position: relative;\n  display: inline-block; \n}\n\n.elementor-37200 .elementor-element.elementor-element-3929afd5::after {\n    content: \"\";\n    position: absolute;\n    left: 0;\n    bottom: 0;\n    width: 0%;\n    height: 1.4px; \n    background: #1E5580;\n    transition: width 0.3s ease;\n}\n\n.elementor-37200 .elementor-element.elementor-element-3929afd5:hover::after {\n    width: 100%;\n}\/* End custom CSS *\/<\/style>\t\t<div data-elementor-type=\"loop-item\" data-elementor-id=\"37200\" class=\"elementor elementor-37200 e-loop-item e-loop-item-58220 post-58220 post type-post status-publish format-standard has-post-thumbnail hentry category-banche category-geopolitica-per-il-settore category-internazionalizzazione\" data-elementor-post-type=\"elementor_library\" data-custom-edit-handle=\"1\">\n\t\t\t<article class=\"elementor-element elementor-element-19560b54 e-flex e-con-boxed e-con e-parent\" data-id=\"19560b54\" data-element_type=\"container\" data-e-type=\"container\" data-settings=\"{&quot;background_background&quot;:&quot;classic&quot;}\">\n\t\t\t\t\t<div class=\"e-con-inner\">\n\t\t<div class=\"elementor-element elementor-element-d17f34b e-con-full e-flex e-con e-child\" data-id=\"d17f34b\" data-element_type=\"container\" data-e-type=\"container\">\n\t\t\t\t<div class=\"elementor-element elementor-element-537940aa elementor-widget elementor-widget-theme-post-featured-image elementor-widget-image\" data-id=\"537940aa\" data-element_type=\"widget\" data-e-type=\"widget\" data-widget_type=\"theme-post-featured-image.default\">\n\t\t\t\t<div class=\"elementor-widget-container\">\n\t\t\t\t\t\t\t\t\t\t\t\t\t\t\t<img decoding=\"async\" src=\"\/wp-content\/uploads\/elementor\/thumbs\/programma-rnqpryzoklj2m34vlcmjzk0lbqzqxzsh9eygd5eoxo.jpg\" title=\"programma\" alt=\"programma\" class=\"elementor-animation-grow\" loading=\"lazy\" \/>\t\t\t\t\t\t\t\t\t\t\t\t\t\t\t<\/div>\n\t\t\t\t<\/div>\n\t\t\t\t<\/div>\n\t\t\t\t<div class=\"elementor-element elementor-element-7da45b17 category-template elementor-widget elementor-widget-text-editor\" data-id=\"7da45b17\" data-element_type=\"widget\" data-e-type=\"widget\" data-widget_type=\"text-editor.default\">\n\t\t\t\t<div class=\"elementor-widget-container\">\n\t\t\t\t\t\t\t\t\t<a href=\"https:\/\/www.abi.it\/en\/category\/banche\/\" rel=\"tag\">Banks<\/a>, <a href=\"https:\/\/www.abi.it\/en\/category\/geopolitica-per-il-settore\/\" rel=\"tag\">Geopolitics for the sector<\/a>, <a href=\"https:\/\/www.abi.it\/en\/category\/internazionalizzazione\/\" rel=\"tag\">Internationalisation<\/a>\t\t\t\t\t\t\t\t<\/div>\n\t\t\t\t<\/div>\n\t\t\t\t<div class=\"elementor-element elementor-element-1a15adde elementor-widget elementor-widget-heading\" data-id=\"1a15adde\" data-element_type=\"widget\" data-e-type=\"widget\" data-settings=\"{&quot;_animation&quot;:&quot;none&quot;}\" data-widget_type=\"heading.default\">\n\t\t\t\t<div class=\"elementor-widget-container\">\n\t\t\t\t\t<h3 class=\"elementor-heading-title elementor-size-default\">Evento Geopolitica: tra fattori di rischio e opportunit\u00e0<\/h3>\t\t\t\t<\/div>\n\t\t\t\t<\/div>\n\t\t\t\t<div class=\"elementor-element elementor-element-3929afd5 elementor-widget elementor-widget-button\" data-id=\"3929afd5\" data-element_type=\"widget\" data-e-type=\"widget\" data-widget_type=\"button.default\">\n\t\t\t\t<div class=\"elementor-widget-container\">\n\t\t\t\t\t\t\t\t\t<div class=\"elementor-button-wrapper\">\n\t\t\t\t\t<a class=\"elementor-button elementor-button-link elementor-size-sm\" href=\"https:\/\/www.abi.it\/en\/evento-geopolitica-tra-fattori-di-rischio-e-opportunita\/\">\n\t\t\t\t\t\t<span class=\"elementor-button-content-wrapper\">\n\t\t\t\t\t\t\t\t\t<span class=\"elementor-button-text\">Read more<\/span>\n\t\t\t\t\t<\/span>\n\t\t\t\t\t<\/a>\n\t\t\t\t<\/div>\n\t\t\t\t\t\t\t\t<\/div>\n\t\t\t\t<\/div>\n\t\t\t\t<div class=\"elementor-element elementor-element-863ab7d elementor-widget elementor-widget-html\" data-id=\"863ab7d\" data-element_type=\"widget\" data-e-type=\"widget\" data-widget_type=\"html.default\">\n\t\t\t\t<div class=\"elementor-widget-container\">\n\t\t\t\t\t<script>\n    \/\/ \tHIDE CATEGORY IN PRIMO PIANO X\n\tdocument.querySelectorAll(\"div.category-template a\").forEach(link => {\n  const parentDiv = link.closest(\".category-template\");\n \n  if (parentDiv) {\n    const text = link.textContent.trim();\n    const match = text.match(\/^(In primo piano|Featured) \\d+$\/i);\n \n    if (match) {\n      \/\/ Rimuove l'eventuale virgola subito dopo il link\n      const nextNode = link.nextSibling;\n      if (nextNode && nextNode.nodeType === Node.TEXT_NODE) {\n        nextNode.textContent = nextNode.textContent.replace(\/^,\\s*\/, '');\n      }\n \n      \/\/ Rimuove il link stesso\n      link.remove();\n    }\n  }\n});\n<\/script>\t\t\t\t<\/div>\n\t\t\t\t<\/div>\n\t\t\t\t\t<\/div>\n\t\t\t\t<\/article>\n\t\t\t\t<\/div>\n\t\t\t\t<\/div>\n\t\t\n\t\t\t\t\t\t<\/div>\n\t\t\t\t<\/div>\n\t\t\t\t<div class=\"elementor-element elementor-element-3d1992a elementor-mobile_extra-align-center elementor-hidden-widescreen elementor-hidden-desktop elementor-hidden-laptop elementor-hidden-tablet_extra elementor-hidden-tablet elementor-widget elementor-widget-button\" data-id=\"3d1992a\" data-element_type=\"widget\" data-e-type=\"widget\" data-widget_type=\"button.default\">\n\t\t\t\t<div class=\"elementor-widget-container\">\n\t\t\t\t\t\t\t\t\t<div class=\"elementor-button-wrapper\">\n\t\t\t\t\t<a class=\"elementor-button elementor-button-link elementor-size-sm\" href=\"\/en\/media\/\">\n\t\t\t\t\t\t<span class=\"elementor-button-content-wrapper\">\n\t\t\t\t\t\t\t\t\t<span class=\"elementor-button-text\">Go to media<\/span>\n\t\t\t\t\t<\/span>\n\t\t\t\t\t<\/a>\n\t\t\t\t<\/div>\n\t\t\t\t\t\t\t\t<\/div>\n\t\t\t\t<\/div>\n\t\t\t\t<\/div>\n\t\t\t\t<div class=\"elementor-element elementor-element-4387787 elementor-widget elementor-widget-html\" data-id=\"4387787\" data-element_type=\"widget\" data-e-type=\"widget\" data-widget_type=\"html.default\">\n\t\t\t\t<div class=\"elementor-widget-container\">\n\t\t\t\t\t<script>\n\nconst sections = document.querySelectorAll('.section');\nconst menuItems = document.querySelectorAll('#menu-sicurezza-fisica li a');\n\nfunction setActiveMenu() {\n  let current = sections[0].getAttribute('id');\n  let minDistance = Number.POSITIVE_INFINITY;\n\n  sections.forEach(section => {\n    const distance = Math.abs(section.getBoundingClientRect().top);\n    if (distance < minDistance) {\n      minDistance = distance;\n      current = section.getAttribute('id');\n    }\n  });\n\n  menuItems.forEach(link => {\n    link.classList.remove('active');\n    if (link.getAttribute('href') === '#' + current) {\n      link.classList.add('active');\n    }\n  });\n}\n\nwindow.addEventListener('scroll', setActiveMenu);\nwindow.addEventListener('load', setActiveMenu);\n\n\n\n    \n<\/script>\n\n\n<style>\n    .well.c2a3 {\n        padding: 0;\n        padding-left: 10px;\n        margin-bottom: 0;\n        background-color: green;\n    }\n    \n    \/*.fas.fa-hdd.mr-1,*\/\n    \/*.ml-3.far.fa-arrow-alt-circle-down.mr-1{*\/\n    \/*    color: #074973;*\/\n    \/*}*\/\n    \n    .text-center {\n        display: none;\n    }\n    \n\n.active {\n  font-weight: 800 !important;\n  color: #074973 !important;\n}\n<\/style>\t\t\t\t<\/div>\n\t\t\t\t<\/div>\n\t\t\t\t<\/div>\n\t\t\t\t<\/div>\n\t\t\t\t<\/div>","protected":false},"excerpt":{"rendered":"<p>Newsletter Internazionale e Trend Geopolitici Nello scenario attuale di equilibri geopolitici fluidi e in continua evoluzione, la capacit\u00e0 di interpretare i cambiamenti e anticiparne gli effetti diventa un fattore strategico per imprese e istituzioni finanziarie. La Newsletter Internazionale e Trend Geopolitici propone un aggiornamento sugli eventi e sviluppi pi\u00f9 recenti per il settore. Per informazioni: [&hellip;]<\/p>","protected":false},"author":21,"featured_media":0,"parent":44137,"menu_order":0,"comment_status":"closed","ping_status":"closed","template":"","meta":{"_acf_changed":false,"footnotes":""},"class_list":["post-60073","page","type-page","status-publish","hentry"],"acf":[],"yoast_head":"<!-- This site is optimized with the Yoast SEO plugin v27.2 - https:\/\/yoast.com\/product\/yoast-seo-wordpress\/ -->\n<title>Newsletter Internazionale e Trend Geopolitici - ABI - Associazione Bancaria Italiana<\/title>\n<meta name=\"description\" content=\"Consulta la Newsletter Internazionale e Trend Geopolitici di ABI: notizie, analisi e appuntamenti su geopolitica, export e internazionalizzazione.\" \/>\n<meta name=\"robots\" content=\"index, follow, max-snippet:-1, max-image-preview:large, max-video-preview:-1\" \/>\n<link rel=\"canonical\" href=\"https:\/\/abi-newsite.azurewebsites.net\/i-macro-trend\/internazionalizzazione\/geopolitica-per-il-settore\/newsletter-internazionale-e-trend-geopolitici\/\" \/>\n<meta property=\"og:locale\" content=\"en_GB\" \/>\n<meta property=\"og:type\" content=\"article\" \/>\n<meta property=\"og:title\" content=\"Newsletter Internazionale e Trend Geopolitici - ABI - Associazione Bancaria Italiana\" \/>\n<meta property=\"og:description\" content=\"Consulta la Newsletter Internazionale e Trend Geopolitici di ABI: notizie, analisi e appuntamenti su geopolitica, export e internazionalizzazione.\" \/>\n<meta property=\"og:url\" content=\"https:\/\/abi-newsite.azurewebsites.net\/i-macro-trend\/internazionalizzazione\/geopolitica-per-il-settore\/newsletter-internazionale-e-trend-geopolitici\/\" \/>\n<meta property=\"og:site_name\" content=\"ABI - Associazione Bancaria Italiana\" \/>\n<meta property=\"article:modified_time\" content=\"2026-07-30T07:40:58+00:00\" \/>\n<meta name=\"twitter:card\" content=\"summary_large_image\" \/>\n<meta name=\"twitter:label1\" content=\"Estimated reading time\" \/>\n\t<meta name=\"twitter:data1\" content=\"12 minutes\" \/>\n<script type=\"application\/ld+json\" class=\"yoast-schema-graph\">{\"@context\":\"https:\/\/schema.org\",\"@graph\":[{\"@type\":\"WebPage\",\"@id\":\"https:\/\/abi-newsite.azurewebsites.net\/i-macro-trend\/internazionalizzazione\/geopolitica-per-il-settore\/newsletter-internazionale-e-trend-geopolitici\/\",\"url\":\"https:\/\/abi-newsite.azurewebsites.net\/i-macro-trend\/internazionalizzazione\/geopolitica-per-il-settore\/newsletter-internazionale-e-trend-geopolitici\/\",\"name\":\"Newsletter Internazionale e Trend Geopolitici - ABI - Associazione Bancaria Italiana\",\"isPartOf\":{\"@id\":\"https:\/\/www.abi.it\/#website\"},\"datePublished\":\"2026-07-23T13:27:27+00:00\",\"dateModified\":\"2026-07-30T07:40:58+00:00\",\"description\":\"Consulta la Newsletter Internazionale e Trend Geopolitici di ABI: notizie, analisi e appuntamenti su geopolitica, export e internazionalizzazione.\",\"breadcrumb\":{\"@id\":\"https:\/\/abi-newsite.azurewebsites.net\/i-macro-trend\/internazionalizzazione\/geopolitica-per-il-settore\/newsletter-internazionale-e-trend-geopolitici\/#breadcrumb\"},\"inLanguage\":\"en-GB\",\"potentialAction\":[{\"@type\":\"ReadAction\",\"target\":[\"https:\/\/abi-newsite.azurewebsites.net\/i-macro-trend\/internazionalizzazione\/geopolitica-per-il-settore\/newsletter-internazionale-e-trend-geopolitici\/\"]}]},{\"@type\":\"BreadcrumbList\",\"@id\":\"https:\/\/abi-newsite.azurewebsites.net\/i-macro-trend\/internazionalizzazione\/geopolitica-per-il-settore\/newsletter-internazionale-e-trend-geopolitici\/#breadcrumb\",\"itemListElement\":[{\"@type\":\"ListItem\",\"position\":1,\"name\":\"Home\",\"item\":\"https:\/\/abi-newsite.azurewebsites.net\/\"},{\"@type\":\"ListItem\",\"position\":2,\"name\":\"I macro-trend\",\"item\":\"https:\/\/abi-newsite.azurewebsites.net\/i-macro-trend\/\"},{\"@type\":\"ListItem\",\"position\":3,\"name\":\"Internazionalizzazione\",\"item\":\"https:\/\/abi-newsite.azurewebsites.net\/i-macro-trend\/internazionalizzazione\/\"},{\"@type\":\"ListItem\",\"position\":4,\"name\":\"Geopolitica per il settore\",\"item\":\"https:\/\/abi-newsite.azurewebsites.net\/i-macro-trend\/internazionalizzazione\/geopolitica-per-il-settore\/\"},{\"@type\":\"ListItem\",\"position\":5,\"name\":\"Newsletter Internazionale e Trend Geopolitici\"}]},{\"@type\":\"WebSite\",\"@id\":\"https:\/\/www.abi.it\/#website\",\"url\":\"https:\/\/www.abi.it\/\",\"name\":\"ABI - Associazione Bancaria Italiana\",\"description\":\"\",\"potentialAction\":[{\"@type\":\"SearchAction\",\"target\":{\"@type\":\"EntryPoint\",\"urlTemplate\":\"https:\/\/www.abi.it\/?s={search_term_string}\"},\"query-input\":{\"@type\":\"PropertyValueSpecification\",\"valueRequired\":true,\"valueName\":\"search_term_string\"}}],\"inLanguage\":\"en-GB\"}]}<\/script>\n<!-- \/ Yoast SEO plugin. -->","yoast_head_json":{"title":"Newsletter Internazionale e Trend Geopolitici - ABI - Associazione Bancaria Italiana","description":"Consulta la Newsletter Internazionale e Trend Geopolitici di ABI: notizie, analisi e appuntamenti su geopolitica, export e internazionalizzazione.","robots":{"index":"index","follow":"follow","max-snippet":"max-snippet:-1","max-image-preview":"max-image-preview:large","max-video-preview":"max-video-preview:-1"},"canonical":"https:\/\/abi-newsite.azurewebsites.net\/i-macro-trend\/internazionalizzazione\/geopolitica-per-il-settore\/newsletter-internazionale-e-trend-geopolitici\/","og_locale":"en_GB","og_type":"article","og_title":"Newsletter Internazionale e Trend Geopolitici - ABI - Associazione Bancaria Italiana","og_description":"Consulta la Newsletter Internazionale e Trend Geopolitici di ABI: notizie, analisi e appuntamenti su geopolitica, export e internazionalizzazione.","og_url":"https:\/\/abi-newsite.azurewebsites.net\/i-macro-trend\/internazionalizzazione\/geopolitica-per-il-settore\/newsletter-internazionale-e-trend-geopolitici\/","og_site_name":"ABI - Associazione Bancaria Italiana","article_modified_time":"2026-07-30T07:40:58+00:00","twitter_card":"summary_large_image","twitter_misc":{"Estimated reading time":"12 minutes"},"schema":{"@context":"https:\/\/schema.org","@graph":[{"@type":"WebPage","@id":"https:\/\/abi-newsite.azurewebsites.net\/i-macro-trend\/internazionalizzazione\/geopolitica-per-il-settore\/newsletter-internazionale-e-trend-geopolitici\/","url":"https:\/\/abi-newsite.azurewebsites.net\/i-macro-trend\/internazionalizzazione\/geopolitica-per-il-settore\/newsletter-internazionale-e-trend-geopolitici\/","name":"Newsletter Internazionale e Trend Geopolitici - ABI - Associazione Bancaria Italiana","isPartOf":{"@id":"https:\/\/www.abi.it\/#website"},"datePublished":"2026-07-23T13:27:27+00:00","dateModified":"2026-07-30T07:40:58+00:00","description":"Consulta la Newsletter Internazionale e Trend Geopolitici di ABI: notizie, analisi e appuntamenti su geopolitica, export e internazionalizzazione.","breadcrumb":{"@id":"https:\/\/abi-newsite.azurewebsites.net\/i-macro-trend\/internazionalizzazione\/geopolitica-per-il-settore\/newsletter-internazionale-e-trend-geopolitici\/#breadcrumb"},"inLanguage":"en-GB","potentialAction":[{"@type":"ReadAction","target":["https:\/\/abi-newsite.azurewebsites.net\/i-macro-trend\/internazionalizzazione\/geopolitica-per-il-settore\/newsletter-internazionale-e-trend-geopolitici\/"]}]},{"@type":"BreadcrumbList","@id":"https:\/\/abi-newsite.azurewebsites.net\/i-macro-trend\/internazionalizzazione\/geopolitica-per-il-settore\/newsletter-internazionale-e-trend-geopolitici\/#breadcrumb","itemListElement":[{"@type":"ListItem","position":1,"name":"Home","item":"https:\/\/abi-newsite.azurewebsites.net\/"},{"@type":"ListItem","position":2,"name":"I macro-trend","item":"https:\/\/abi-newsite.azurewebsites.net\/i-macro-trend\/"},{"@type":"ListItem","position":3,"name":"Internazionalizzazione","item":"https:\/\/abi-newsite.azurewebsites.net\/i-macro-trend\/internazionalizzazione\/"},{"@type":"ListItem","position":4,"name":"Geopolitica per il settore","item":"https:\/\/abi-newsite.azurewebsites.net\/i-macro-trend\/internazionalizzazione\/geopolitica-per-il-settore\/"},{"@type":"ListItem","position":5,"name":"Newsletter Internazionale e Trend Geopolitici"}]},{"@type":"WebSite","@id":"https:\/\/www.abi.it\/#website","url":"https:\/\/www.abi.it\/","name":"ABI - Italian Banking Association","description":"","potentialAction":[{"@type":"SearchAction","target":{"@type":"EntryPoint","urlTemplate":"https:\/\/www.abi.it\/?s={search_term_string}"},"query-input":{"@type":"PropertyValueSpecification","valueRequired":true,"valueName":"search_term_string"}}],"inLanguage":"en-GB"}]}},"_links":{"self":[{"href":"https:\/\/www.abi.it\/en\/wp-json\/wp\/v2\/pages\/60073","targetHints":{"allow":["GET"]}}],"collection":[{"href":"https:\/\/www.abi.it\/en\/wp-json\/wp\/v2\/pages"}],"about":[{"href":"https:\/\/www.abi.it\/en\/wp-json\/wp\/v2\/types\/page"}],"author":[{"embeddable":true,"href":"https:\/\/www.abi.it\/en\/wp-json\/wp\/v2\/users\/21"}],"replies":[{"embeddable":true,"href":"https:\/\/www.abi.it\/en\/wp-json\/wp\/v2\/comments?post=60073"}],"version-history":[{"count":55,"href":"https:\/\/www.abi.it\/en\/wp-json\/wp\/v2\/pages\/60073\/revisions"}],"predecessor-version":[{"id":60254,"href":"https:\/\/www.abi.it\/en\/wp-json\/wp\/v2\/pages\/60073\/revisions\/60254"}],"up":[{"embeddable":true,"href":"https:\/\/www.abi.it\/en\/wp-json\/wp\/v2\/pages\/44137"}],"wp:attachment":[{"href":"https:\/\/www.abi.it\/en\/wp-json\/wp\/v2\/media?parent=60073"}],"curies":[{"name":"wp","href":"https:\/\/api.w.org\/{rel}","templated":true}]}}